{"id":2777,"date":"2025-03-22T02:17:51","date_gmt":"2025-03-22T02:17:51","guid":{"rendered":"https:\/\/bicitui.es\/?page_id=2777"},"modified":"2025-03-22T02:20:15","modified_gmt":"2025-03-22T02:20:15","slug":"alquiler-de-bicicletas-2","status":"publish","type":"page","link":"https:\/\/bicitui.es\/en\/alquiler-de-bicicletas-2\/","title":{"rendered":"Bike Rentals"},"content":{"rendered":"\t\t<div data-elementor-type=\"wp-page\" data-elementor-id=\"2777\" class=\"elementor elementor-2777\" data-elementor-post-type=\"page\">\n\t\t\t\t\t\t<section class=\"elementor-section elementor-top-section elementor-element elementor-element-4ee62ea7 elementor-hidden-tablet_extra elementor-section-boxed elementor-section-height-default elementor-section-height-default\" data-id=\"4ee62ea7\" data-element_type=\"section\" data-settings=\"{&quot;wdt_bg_image&quot;:{&quot;url&quot;:&quot;&quot;,&quot;id&quot;:&quot;&quot;,&quot;size&quot;:&quot;&quot;},&quot;wdt_bg_image_laptop&quot;:{&quot;url&quot;:&quot;&quot;,&quot;id&quot;:&quot;&quot;,&quot;size&quot;:&quot;&quot;},&quot;wdt_bg_image_tablet_extra&quot;:{&quot;url&quot;:&quot;&quot;,&quot;id&quot;:&quot;&quot;,&quot;size&quot;:&quot;&quot;},&quot;wdt_bg_image_tablet&quot;:{&quot;url&quot;:&quot;&quot;,&quot;id&quot;:&quot;&quot;,&quot;size&quot;:&quot;&quot;},&quot;wdt_bg_image_mobile_extra&quot;:{&quot;url&quot;:&quot;&quot;,&quot;id&quot;:&quot;&quot;,&quot;size&quot;:&quot;&quot;},&quot;wdt_bg_image_mobile&quot;:{&quot;url&quot;:&quot;&quot;,&quot;id&quot;:&quot;&quot;,&quot;size&quot;:&quot;&quot;},&quot;wdt_bg_position&quot;:&quot;center center&quot;,&quot;wdt_animation_effect&quot;:&quot;none&quot;}\">\n\t\t\t\t\t\t<div class=\"elementor-container elementor-column-gap-default\">\n\t\t\t\t\t<div class=\"elementor-column elementor-col-33 elementor-top-column elementor-element elementor-element-144303e5\" data-id=\"144303e5\" data-element_type=\"column\">\n\t\t\t<div class=\"elementor-widget-wrap elementor-element-populated\">\n\t\t\t\t\t\t<div class=\"elementor-element elementor-element-74a281f1 elementor-widget elementor-widget-image\" data-id=\"74a281f1\" data-element_type=\"widget\" data-settings=\"{&quot;wdt_animation_effect&quot;:&quot;none&quot;}\" data-widget_type=\"image.default\">\n\t\t\t\t<div class=\"elementor-widget-container\">\n\t\t\t\t\t\t\t\t\t\t\t\t\t\t\t<img fetchpriority=\"high\" decoding=\"async\" width=\"2560\" height=\"1920\" src=\"https:\/\/bicitui.es\/wp-content\/uploads\/2023\/04\/Square-Photo-1-scaled.jpg\" class=\"attachment-full size-full wp-image-1386\" alt=\"\" srcset=\"https:\/\/bicitui.es\/wp-content\/uploads\/2023\/04\/Square-Photo-1-scaled.jpg 2560w, https:\/\/bicitui.es\/wp-content\/uploads\/2023\/04\/Square-Photo-1-300x225.jpg 300w, https:\/\/bicitui.es\/wp-content\/uploads\/2023\/04\/Square-Photo-1-1024x768.jpg 1024w, https:\/\/bicitui.es\/wp-content\/uploads\/2023\/04\/Square-Photo-1-768x576.jpg 768w, https:\/\/bicitui.es\/wp-content\/uploads\/2023\/04\/Square-Photo-1-1536x1152.jpg 1536w, https:\/\/bicitui.es\/wp-content\/uploads\/2023\/04\/Square-Photo-1-2048x1536.jpg 2048w\" sizes=\"(max-width: 2560px) 100vw, 2560px\" \/>\t\t\t\t\t\t\t\t\t\t\t\t\t\t\t<\/div>\n\t\t\t\t<\/div>\n\t\t\t\t<div class=\"elementor-element elementor-element-32442e8d elementor-widget elementor-widget-image\" data-id=\"32442e8d\" data-element_type=\"widget\" data-settings=\"{&quot;wdt_animation_effect&quot;:&quot;none&quot;}\" data-widget_type=\"image.default\">\n\t\t\t\t<div class=\"elementor-widget-container\">\n\t\t\t\t\t\t\t\t\t\t\t\t\t\t\t<img decoding=\"async\" width=\"2560\" height=\"1920\" src=\"https:\/\/bicitui.es\/wp-content\/uploads\/2024\/01\/2-1-scaled.jpg\" class=\"attachment-full size-full wp-image-2433\" alt=\"\" srcset=\"https:\/\/bicitui.es\/wp-content\/uploads\/2024\/01\/2-1-scaled.jpg 2560w, https:\/\/bicitui.es\/wp-content\/uploads\/2024\/01\/2-1-300x225.jpg 300w, https:\/\/bicitui.es\/wp-content\/uploads\/2024\/01\/2-1-1024x768.jpg 1024w, https:\/\/bicitui.es\/wp-content\/uploads\/2024\/01\/2-1-768x576.jpg 768w, https:\/\/bicitui.es\/wp-content\/uploads\/2024\/01\/2-1-1536x1152.jpg 1536w, https:\/\/bicitui.es\/wp-content\/uploads\/2024\/01\/2-1-2048x1536.jpg 2048w\" sizes=\"(max-width: 2560px) 100vw, 2560px\" \/>\t\t\t\t\t\t\t\t\t\t\t\t\t\t\t<\/div>\n\t\t\t\t<\/div>\n\t\t\t\t\t<\/div>\n\t\t<\/div>\n\t\t\t\t<div class=\"elementor-column elementor-col-33 elementor-top-column elementor-element elementor-element-2a0b2dfa\" data-id=\"2a0b2dfa\" data-element_type=\"column\">\n\t\t\t<div class=\"elementor-widget-wrap elementor-element-populated\">\n\t\t\t\t\t\t<div class=\"elementor-element elementor-element-190810e4 elementor-widget elementor-widget-wdt-heading\" data-id=\"190810e4\" data-element_type=\"widget\" data-settings=\"{&quot;wdt_animation_effect&quot;:&quot;none&quot;}\" data-widget_type=\"wdt-heading.default\">\n\t\t\t\t<div class=\"elementor-widget-container\">\n\t\t\t\t\t<div class=\"wdt-heading-holder \" id=\"wdt-heading-190810e4\"><div class=\"wdt-heading-background-text-wrapper\"><div class=\"wdt-heading-background-text\">Cycling<\/div><\/div><div class=\"wdt-heading-subtitle-wrapper wdt-heading-align- \"><span class=\"wdt-heading-subtitle\">Starting at 20\u20ac\/day<\/span><\/div><h2 class=\"wdt-heading-title-wrapper wdt-heading-align- wdt-heading-deco-wrapper\"><span class=\"wdt-heading-title\">Bike Rentals in TUI<\/span><\/h2><\/div>\t\t\t\t<\/div>\n\t\t\t\t<\/div>\n\t\t\t\t<div class=\"elementor-element elementor-element-6c34623 elementor-widget elementor-widget-text-editor\" data-id=\"6c34623\" data-element_type=\"widget\" data-settings=\"{&quot;wdt_animation_effect&quot;:&quot;none&quot;}\" data-widget_type=\"text-editor.default\">\n\t\t\t\t<div class=\"elementor-widget-container\">\n\t\t\t\t\t\t\t\t\t<p>Welcome to the captivating landscapes of South West Galicia and Northern Portugal, a region blessed with diverse terrains and scenic trails that promise an unparalleled cycling experience. Explore the charming town of Tui, nestled at the foothills of the iconic Mount Aloia, offering a perfect starting point for your cycling adventure. Immerse yourself in the enchanting Portuguese ecovias, meandering along the Minho River from Valen\u00e7a to Caminha, where picturesque villages and riverside paths await. Embark on the trails of Rias Baixas, discovering hidden gems and coastal vistas that add a touch of magic to your journey. Our bike and e-bike rentals are tailored to provide you with the ideal means to discover the beauty of this region, allowing you to pedal through charming villages, alongside serene riverbanks, and along the scenic ecovias. Whether you are an avid cyclist or a leisure rider, the diverse landscapes and well-crafted trails of South West Galicia and Northern Portugal invite you to embark on a cycling adventure like no other.<\/p>\t\t\t\t\t\t\t\t<\/div>\n\t\t\t\t<\/div>\n\t\t\t\t<div class=\"elementor-element elementor-element-62155868 elementor-widget-divider--view-line elementor-widget elementor-widget-divider\" data-id=\"62155868\" data-element_type=\"widget\" data-settings=\"{&quot;wdt_animation_effect&quot;:&quot;none&quot;}\" data-widget_type=\"divider.default\">\n\t\t\t\t<div class=\"elementor-widget-container\">\n\t\t\t\t\t\t\t<div class=\"elementor-divider\">\n\t\t\t<span class=\"elementor-divider-separator\">\n\t\t\t\t\t\t<\/span>\n\t\t<\/div>\n\t\t\t\t\t\t<\/div>\n\t\t\t\t<\/div>\n\t\t\t\t<div class=\"elementor-element elementor-element-5bf0422 elementor-icon-list--layout-inline elementor-list-item-link-full_width elementor-widget elementor-widget-icon-list\" data-id=\"5bf0422\" data-element_type=\"widget\" data-settings=\"{&quot;wdt_animation_effect&quot;:&quot;none&quot;}\" data-widget_type=\"icon-list.default\">\n\t\t\t\t<div class=\"elementor-widget-container\">\n\t\t\t\t\t\t\t<ul class=\"elementor-icon-list-items elementor-inline-items\">\n\t\t\t\t\t\t\t<li class=\"elementor-icon-list-item elementor-inline-item\">\n\t\t\t\t\t\t\t\t\t\t\t<span class=\"elementor-icon-list-icon\">\n\t\t\t\t\t\t\t<i aria-hidden=\"true\" class=\"fas fa-map-marker\"><\/i>\t\t\t\t\t\t<\/span>\n\t\t\t\t\t\t\t\t\t\t<span class=\"elementor-icon-list-text\">Spain<\/span>\n\t\t\t\t\t\t\t\t\t<\/li>\n\t\t\t\t\t\t\t\t<li class=\"elementor-icon-list-item elementor-inline-item\">\n\t\t\t\t\t\t\t\t\t\t\t<span class=\"elementor-icon-list-icon\">\n\t\t\t\t\t\t\t<i aria-hidden=\"true\" class=\"fas fa-map-marker\"><\/i>\t\t\t\t\t\t<\/span>\n\t\t\t\t\t\t\t\t\t\t<span class=\"elementor-icon-list-text\">Portugal<\/span>\n\t\t\t\t\t\t\t\t\t<\/li>\n\t\t\t\t\t\t<\/ul>\n\t\t\t\t\t\t<\/div>\n\t\t\t\t<\/div>\n\t\t\t\t<div class=\"elementor-element elementor-element-226005c9 elementor-widget-divider--view-line elementor-widget elementor-widget-divider\" data-id=\"226005c9\" data-element_type=\"widget\" data-settings=\"{&quot;wdt_animation_effect&quot;:&quot;none&quot;}\" data-widget_type=\"divider.default\">\n\t\t\t\t<div class=\"elementor-widget-container\">\n\t\t\t\t\t\t\t<div class=\"elementor-divider\">\n\t\t\t<span class=\"elementor-divider-separator\">\n\t\t\t\t\t\t<\/span>\n\t\t<\/div>\n\t\t\t\t\t\t<\/div>\n\t\t\t\t<\/div>\n\t\t\t\t<div class=\"elementor-element elementor-element-4f2696b5 elementor-widget elementor-widget-text-editor\" data-id=\"4f2696b5\" data-element_type=\"widget\" data-settings=\"{&quot;wdt_animation_effect&quot;:&quot;none&quot;}\" data-widget_type=\"text-editor.default\">\n\t\t\t\t<div class=\"elementor-widget-container\">\n\t\t\t\t\t\t\t\t\t<h2><b>E-Bike Rentals<\/b><\/h2><p>Discover the joy of effortless exploration with our premium e-bike rentals. Choose from a diverse range, including mountain e-bikes for rugged terrains, trekking e-bikes for versatile adventures, trekking-cross e-bikes for a blend of road and trail exploration, and leisure e-bikes for a relaxed ride through picturesque landscapes. Our fleet of e-bikes boasts an impressive autonomy of over 100+ km, ensuring you can cover ample ground on your journey. Experience the latest in technology and comfort as our e-bikes are regularly updated, with replacements every two years or 1000 kilometers, featuring top-notch components from renowned brands like SHIMANO and SRAM. Each rental comes complete with essential accessories such as a helmet, bell, padlock, phone holder, charger, and mini pump. For extended journeys, we provide additional conveniences, including panniers\/saddlebags, a spare inner tube, and a multitool kit. Your safety is our priority, and all rentals include civil responsibility insurance and accident insurance, offering you peace of mind as you embark on your cycling adventure.<\/p><h2><b>Bike Rentals\u00a0<\/b><\/h2><p>Embark on a classic cycling journey with our traditional bike rentals, offering a range of options to suit your preferences. Choose from our mountain bikes, available in two tiers of components: Advanced and Performance, designed to tackle various terrains with ease. If speed is your preference, our road bikes provide a swift and efficient ride. For versatile adventures, our trekking bikes are ideal, while leisure bikes offer a relaxed cruising experience. Every rental includes essential accessories such as a helmet, padlock, bell, and minipump. Extended rentals come with added convenience, including a spare inner tube and a multitool kit. At every turn, your safety is paramount, and our rentals come complete with complimentary civil responsibility insurance and accident insurance. This ensures a seamless cycling experience through the captivating landscapes of South West Galicia and Northern Portugal, allowing you to pedal worry-free and soak in the beauty of the surroundings.<\/p>\t\t\t\t\t\t\t\t<\/div>\n\t\t\t\t<\/div>\n\t\t\t\t\t<\/div>\n\t\t<\/div>\n\t\t\t\t<div class=\"elementor-column elementor-col-33 elementor-top-column elementor-element elementor-element-7e9b385e\" data-id=\"7e9b385e\" data-element_type=\"column\" data-settings=\"{&quot;background_background&quot;:&quot;classic&quot;}\">\n\t\t\t<div class=\"elementor-widget-wrap elementor-element-populated\">\n\t\t\t\t\t\t<section class=\"elementor-section elementor-inner-section elementor-element elementor-element-1cf5e92f elementor-section-boxed elementor-section-height-default elementor-section-height-default\" data-id=\"1cf5e92f\" data-element_type=\"section\" data-settings=\"{&quot;background_background&quot;:&quot;classic&quot;,&quot;wdt_bg_image&quot;:{&quot;url&quot;:&quot;&quot;,&quot;id&quot;:&quot;&quot;,&quot;size&quot;:&quot;&quot;},&quot;wdt_bg_image_laptop&quot;:{&quot;url&quot;:&quot;&quot;,&quot;id&quot;:&quot;&quot;,&quot;size&quot;:&quot;&quot;},&quot;wdt_bg_image_tablet_extra&quot;:{&quot;url&quot;:&quot;&quot;,&quot;id&quot;:&quot;&quot;,&quot;size&quot;:&quot;&quot;},&quot;wdt_bg_image_tablet&quot;:{&quot;url&quot;:&quot;&quot;,&quot;id&quot;:&quot;&quot;,&quot;size&quot;:&quot;&quot;},&quot;wdt_bg_image_mobile_extra&quot;:{&quot;url&quot;:&quot;&quot;,&quot;id&quot;:&quot;&quot;,&quot;size&quot;:&quot;&quot;},&quot;wdt_bg_image_mobile&quot;:{&quot;url&quot;:&quot;&quot;,&quot;id&quot;:&quot;&quot;,&quot;size&quot;:&quot;&quot;},&quot;wdt_bg_position&quot;:&quot;center center&quot;,&quot;wdt_animation_effect&quot;:&quot;none&quot;}\">\n\t\t\t\t\t\t<div class=\"elementor-container elementor-column-gap-default\">\n\t\t\t\t\t<div class=\"elementor-column elementor-col-100 elementor-inner-column elementor-element elementor-element-438ac1eb\" data-id=\"438ac1eb\" data-element_type=\"column\">\n\t\t\t<div class=\"elementor-widget-wrap elementor-element-populated\">\n\t\t\t\t\t\t<div class=\"elementor-element elementor-element-255c6691 elementor-widget elementor-widget-heading\" data-id=\"255c6691\" data-element_type=\"widget\" data-settings=\"{&quot;wdt_animation_effect&quot;:&quot;none&quot;}\" data-widget_type=\"heading.default\">\n\t\t\t\t<div class=\"elementor-widget-container\">\n\t\t\t\t\t<h3 class=\"elementor-heading-title elementor-size-default\">Book Your Next Adventure<\/h3>\t\t\t\t<\/div>\n\t\t\t\t<\/div>\n\t\t\t\t<div class=\"elementor-element elementor-element-1e45cc10 elementor-button-align-stretch elementor-widget elementor-widget-form\" data-id=\"1e45cc10\" data-element_type=\"widget\" data-settings=\"{&quot;step_next_label&quot;:&quot;Next&quot;,&quot;step_previous_label&quot;:&quot;Previous&quot;,&quot;button_width&quot;:&quot;100&quot;,&quot;step_type&quot;:&quot;number_text&quot;,&quot;step_icon_shape&quot;:&quot;circle&quot;,&quot;wdt_animation_effect&quot;:&quot;none&quot;}\" data-widget_type=\"form.default\">\n\t\t\t\t<div class=\"elementor-widget-container\">\n\t\t\t\t\t\t\t<form class=\"elementor-form\" method=\"post\" name=\"New Form\">\n\t\t\t<input type=\"hidden\" name=\"post_id\" value=\"2777\"\/>\n\t\t\t<input type=\"hidden\" name=\"form_id\" value=\"1e45cc10\"\/>\n\t\t\t<input type=\"hidden\" name=\"referer_title\" value=\"Bicicletas en alquiler en Tui - Rutas bici - BICITUI\" \/>\n\n\t\t\t\t\t\t\t<input type=\"hidden\" name=\"queried_id\" value=\"2777\"\/>\n\t\t\t\n\t\t\t<div class=\"elementor-form-fields-wrapper elementor-labels-\">\n\t\t\t\t\t\t\t\t<div class=\"elementor-field-type-text elementor-field-group elementor-column elementor-field-group-name1 elementor-col-100\">\n\t\t\t\t\t\t\t\t\t\t\t\t<label for=\"form-field-name1\" class=\"elementor-field-label elementor-screen-only\">\n\t\t\t\t\t\t\t\tName\t\t\t\t\t\t\t<\/label>\n\t\t\t\t\t\t\t\t\t\t\t\t\t\t<input size=\"1\" type=\"text\" name=\"form_fields[name1]\" id=\"form-field-name1\" class=\"elementor-field elementor-size-sm  elementor-field-textual\" placeholder=\"Name\">\n\t\t\t\t\t\t\t\t\t\t\t<\/div>\n\t\t\t\t\t\t\t\t<div class=\"elementor-field-type-email elementor-field-group elementor-column elementor-field-group-email1 elementor-col-100 elementor-field-required\">\n\t\t\t\t\t\t\t\t\t\t\t\t<label for=\"form-field-email1\" class=\"elementor-field-label elementor-screen-only\">\n\t\t\t\t\t\t\t\tEmail\t\t\t\t\t\t\t<\/label>\n\t\t\t\t\t\t\t\t\t\t\t\t\t\t<input size=\"1\" type=\"email\" name=\"form_fields[email1]\" id=\"form-field-email1\" class=\"elementor-field elementor-size-sm  elementor-field-textual\" placeholder=\"Email\" required=\"required\">\n\t\t\t\t\t\t\t\t\t\t\t<\/div>\n\t\t\t\t\t\t\t\t<div class=\"elementor-field-type-tel elementor-field-group elementor-column elementor-field-group-Phone1 elementor-col-100\">\n\t\t\t\t\t\t\t\t\t\t\t\t<label for=\"form-field-Phone1\" class=\"elementor-field-label elementor-screen-only\">\n\t\t\t\t\t\t\t\tPhone\t\t\t\t\t\t\t<\/label>\n\t\t\t\t\t\t\t\t<input size=\"1\" type=\"tel\" name=\"form_fields[Phone1]\" id=\"form-field-Phone1\" class=\"elementor-field elementor-size-sm  elementor-field-textual\" placeholder=\"Phone\" pattern=\"[0-9()#&amp;+*-=.]+\" title=\"Tel\u00e9fonoTelefon\">\n\n\t\t\t\t\t\t<\/div>\n\t\t\t\t\t\t\t\t<div class=\"elementor-field-type-date elementor-field-group elementor-column elementor-field-group-field_625f2ae elementor-col-100\">\n\t\t\t\t\t\t\t\t\t\t\t\t<label for=\"form-field-field_625f2ae\" class=\"elementor-field-label elementor-screen-only\">\n\t\t\t\t\t\t\t\tMonth\t\t\t\t\t\t\t<\/label>\n\t\t\t\t\t\t\n\t\t<input type=\"date\" name=\"form_fields[field_625f2ae]\" id=\"form-field-field_625f2ae\" class=\"elementor-field elementor-size-sm  elementor-field-textual elementor-date-field\" placeholder=\"mm\/dd\/yyyy\" pattern=\"[0-9]{4}-[0-9]{2}-[0-9]{2}\">\n\t\t\t\t\t\t<\/div>\n\t\t\t\t\t\t\t\t<div class=\"elementor-field-type-number elementor-field-group elementor-column elementor-field-group-field_47de9a4 elementor-col-100\">\n\t\t\t\t\t\t\t\t\t\t\t\t<label for=\"form-field-field_47de9a4\" class=\"elementor-field-label elementor-screen-only\">\n\t\t\t\t\t\t\t\tTickets\t\t\t\t\t\t\t<\/label>\n\t\t\t\t\t\t\t\t\t<input type=\"number\" name=\"form_fields[field_47de9a4]\" id=\"form-field-field_47de9a4\" class=\"elementor-field elementor-size-sm  elementor-field-textual\" placeholder=\"Number of tickets\" min=\"\" max=\"\" >\n\t\t\t\t\t\t<\/div>\n\t\t\t\t\t\t\t\t<div class=\"elementor-field-type-textarea elementor-field-group elementor-column elementor-field-group-field_244228a elementor-col-100\">\n\t\t\t\t\t\t\t\t\t\t\t\t<label for=\"form-field-field_244228a\" class=\"elementor-field-label elementor-screen-only\">\n\t\t\t\t\t\t\t\tMessage\t\t\t\t\t\t\t<\/label>\n\t\t\t\t\t\t<textarea class=\"elementor-field-textual elementor-field  elementor-size-sm\" name=\"form_fields[field_244228a]\" id=\"form-field-field_244228a\" rows=\"4\" placeholder=\"Message\"><\/textarea>\t\t\t\t<\/div>\n\t\t\t\t\t\t\t\t<div class=\"elementor-field-type-checkbox elementor-field-group elementor-column elementor-field-group-field_2138735 elementor-col-100\">\n\t\t\t\t\t\t\t\t\t\t\t\t<label for=\"form-field-field_2138735\" class=\"elementor-field-label elementor-screen-only\">\n\t\t\t\t\t\t\t\tCheckbox\t\t\t\t\t\t\t<\/label>\n\t\t\t\t\t\t<div class=\"elementor-field-subgroup  \"><span class=\"elementor-field-option\"><input type=\"checkbox\" value=\"I authorise and accept the use of my data for the purpose described in the &lt;a href=&quot;https:\/\/bicitui.es\/privacy-policy\/&quot;&gt;Privacy Policy&lt;\/a&gt; of this website.\" id=\"form-field-field_2138735-0\" name=\"form_fields[field_2138735]\"> <label for=\"form-field-field_2138735-0\">I authorise and accept the use of my data for the purpose described in the <a href=\"https:\/\/bicitui.es\/privacy-policy\/\">Privacy Policy<\/a> of this website.<\/label><\/span><\/div>\t\t\t\t<\/div>\n\t\t\t\t\t\t\t\t<div class=\"elementor-field-group elementor-column elementor-field-type-submit elementor-col-100 e-form__buttons\">\n\t\t\t\t\t<button class=\"elementor-button elementor-size-sm\" type=\"submit\">\n\t\t\t\t\t\t<span class=\"elementor-button-content-wrapper\">\n\t\t\t\t\t\t\t\t\t\t\t\t\t\t\t\t\t\t\t\t\t\t<span class=\"elementor-button-text\">Enquiry Now<\/span>\n\t\t\t\t\t\t\t\t\t\t\t\t\t<\/span>\n\t\t\t\t\t<\/button>\n\t\t\t\t<\/div>\n\t\t\t<\/div>\n\t\t<\/form>\n\t\t\t\t\t\t<\/div>\n\t\t\t\t<\/div>\n\t\t\t\t\t<\/div>\n\t\t<\/div>\n\t\t\t\t\t<\/div>\n\t\t<\/section>\n\t\t\t\t<div class=\"elementor-element elementor-element-5892c44e elementor-widget elementor-widget-image\" data-id=\"5892c44e\" data-element_type=\"widget\" data-settings=\"{&quot;wdt_animation_effect&quot;:&quot;none&quot;}\" data-widget_type=\"image.default\">\n\t\t\t\t<div class=\"elementor-widget-container\">\n\t\t\t\t\t\t\t\t\t\t\t\t\t\t\t<img decoding=\"async\" width=\"2560\" height=\"1920\" src=\"https:\/\/bicitui.es\/wp-content\/uploads\/2024\/01\/3-scaled.jpg\" class=\"attachment-full size-full wp-image-2432\" alt=\"\" srcset=\"https:\/\/bicitui.es\/wp-content\/uploads\/2024\/01\/3-scaled.jpg 2560w, https:\/\/bicitui.es\/wp-content\/uploads\/2024\/01\/3-300x225.jpg 300w, https:\/\/bicitui.es\/wp-content\/uploads\/2024\/01\/3-1024x768.jpg 1024w, https:\/\/bicitui.es\/wp-content\/uploads\/2024\/01\/3-768x576.jpg 768w, https:\/\/bicitui.es\/wp-content\/uploads\/2024\/01\/3-1536x1152.jpg 1536w, https:\/\/bicitui.es\/wp-content\/uploads\/2024\/01\/3-2048x1536.jpg 2048w\" sizes=\"(max-width: 2560px) 100vw, 2560px\" \/>\t\t\t\t\t\t\t\t\t\t\t\t\t\t\t<\/div>\n\t\t\t\t<\/div>\n\t\t\t\t\t<\/div>\n\t\t<\/div>\n\t\t\t\t\t<\/div>\n\t\t<\/section>\n\t\t\t\t<section class=\"elementor-section elementor-top-section elementor-element elementor-element-18c9b2b7 elementor-hidden-desktop elementor-hidden-laptop elementor-hidden-tablet elementor-hidden-mobile_extra elementor-hidden-mobile elementor-section-boxed elementor-section-height-default elementor-section-height-default\" data-id=\"18c9b2b7\" data-element_type=\"section\" data-settings=\"{&quot;wdt_bg_image&quot;:{&quot;url&quot;:&quot;&quot;,&quot;id&quot;:&quot;&quot;,&quot;size&quot;:&quot;&quot;},&quot;wdt_bg_image_laptop&quot;:{&quot;url&quot;:&quot;&quot;,&quot;id&quot;:&quot;&quot;,&quot;size&quot;:&quot;&quot;},&quot;wdt_bg_image_tablet_extra&quot;:{&quot;url&quot;:&quot;&quot;,&quot;id&quot;:&quot;&quot;,&quot;size&quot;:&quot;&quot;},&quot;wdt_bg_image_tablet&quot;:{&quot;url&quot;:&quot;&quot;,&quot;id&quot;:&quot;&quot;,&quot;size&quot;:&quot;&quot;},&quot;wdt_bg_image_mobile_extra&quot;:{&quot;url&quot;:&quot;&quot;,&quot;id&quot;:&quot;&quot;,&quot;size&quot;:&quot;&quot;},&quot;wdt_bg_image_mobile&quot;:{&quot;url&quot;:&quot;&quot;,&quot;id&quot;:&quot;&quot;,&quot;size&quot;:&quot;&quot;},&quot;wdt_bg_position&quot;:&quot;center center&quot;,&quot;wdt_animation_effect&quot;:&quot;none&quot;}\">\n\t\t\t\t\t\t<div class=\"elementor-container elementor-column-gap-default\">\n\t\t\t\t\t<div class=\"elementor-column elementor-col-100 elementor-top-column elementor-element elementor-element-2f9d0d15\" data-id=\"2f9d0d15\" data-element_type=\"column\">\n\t\t\t<div class=\"elementor-widget-wrap elementor-element-populated\">\n\t\t\t\t\t\t<div class=\"elementor-element elementor-element-2210beb5 elementor-widget elementor-widget-image\" data-id=\"2210beb5\" data-element_type=\"widget\" data-settings=\"{&quot;wdt_animation_effect&quot;:&quot;none&quot;}\" data-widget_type=\"image.default\">\n\t\t\t\t<div class=\"elementor-widget-container\">\n\t\t\t\t\t\t\t\t\t\t\t\t\t\t\t<img loading=\"lazy\" decoding=\"async\" width=\"1536\" height=\"1152\" src=\"https:\/\/bicitui.es\/wp-content\/uploads\/2023\/04\/Square-Photo-1-1536x1152.jpg\" class=\"attachment-1536x1536 size-1536x1536 wp-image-1386\" alt=\"\" srcset=\"https:\/\/bicitui.es\/wp-content\/uploads\/2023\/04\/Square-Photo-1-1536x1152.jpg 1536w, https:\/\/bicitui.es\/wp-content\/uploads\/2023\/04\/Square-Photo-1-300x225.jpg 300w, https:\/\/bicitui.es\/wp-content\/uploads\/2023\/04\/Square-Photo-1-1024x768.jpg 1024w, https:\/\/bicitui.es\/wp-content\/uploads\/2023\/04\/Square-Photo-1-768x576.jpg 768w, https:\/\/bicitui.es\/wp-content\/uploads\/2023\/04\/Square-Photo-1-2048x1536.jpg 2048w\" sizes=\"(max-width: 1536px) 100vw, 1536px\" \/>\t\t\t\t\t\t\t\t\t\t\t\t\t\t\t<\/div>\n\t\t\t\t<\/div>\n\t\t\t\t<div class=\"elementor-element elementor-element-494a2cc1 elementor-widget elementor-widget-image\" data-id=\"494a2cc1\" data-element_type=\"widget\" data-settings=\"{&quot;wdt_animation_effect&quot;:&quot;none&quot;}\" data-widget_type=\"image.default\">\n\t\t\t\t<div class=\"elementor-widget-container\">\n\t\t\t\t\t\t\t\t\t\t\t\t\t\t\t<img decoding=\"async\" width=\"2560\" height=\"1920\" src=\"https:\/\/bicitui.es\/wp-content\/uploads\/2024\/01\/2-1-scaled.jpg\" class=\"attachment-full size-full wp-image-2433\" alt=\"\" srcset=\"https:\/\/bicitui.es\/wp-content\/uploads\/2024\/01\/2-1-scaled.jpg 2560w, https:\/\/bicitui.es\/wp-content\/uploads\/2024\/01\/2-1-300x225.jpg 300w, https:\/\/bicitui.es\/wp-content\/uploads\/2024\/01\/2-1-1024x768.jpg 1024w, https:\/\/bicitui.es\/wp-content\/uploads\/2024\/01\/2-1-768x576.jpg 768w, https:\/\/bicitui.es\/wp-content\/uploads\/2024\/01\/2-1-1536x1152.jpg 1536w, https:\/\/bicitui.es\/wp-content\/uploads\/2024\/01\/2-1-2048x1536.jpg 2048w\" sizes=\"(max-width: 2560px) 100vw, 2560px\" \/>\t\t\t\t\t\t\t\t\t\t\t\t\t\t\t<\/div>\n\t\t\t\t<\/div>\n\t\t\t\t\t<\/div>\n\t\t<\/div>\n\t\t\t\t\t<\/div>\n\t\t<\/section>\n\t\t\t\t<section class=\"elementor-section elementor-top-section elementor-element elementor-element-463f1a94 elementor-hidden-desktop elementor-hidden-laptop elementor-hidden-tablet elementor-hidden-mobile_extra elementor-hidden-mobile elementor-section-boxed elementor-section-height-default elementor-section-height-default\" data-id=\"463f1a94\" data-element_type=\"section\" data-settings=\"{&quot;wdt_bg_image&quot;:{&quot;url&quot;:&quot;&quot;,&quot;id&quot;:&quot;&quot;,&quot;size&quot;:&quot;&quot;},&quot;wdt_bg_image_laptop&quot;:{&quot;url&quot;:&quot;&quot;,&quot;id&quot;:&quot;&quot;,&quot;size&quot;:&quot;&quot;},&quot;wdt_bg_image_tablet_extra&quot;:{&quot;url&quot;:&quot;&quot;,&quot;id&quot;:&quot;&quot;,&quot;size&quot;:&quot;&quot;},&quot;wdt_bg_image_tablet&quot;:{&quot;url&quot;:&quot;&quot;,&quot;id&quot;:&quot;&quot;,&quot;size&quot;:&quot;&quot;},&quot;wdt_bg_image_mobile_extra&quot;:{&quot;url&quot;:&quot;&quot;,&quot;id&quot;:&quot;&quot;,&quot;size&quot;:&quot;&quot;},&quot;wdt_bg_image_mobile&quot;:{&quot;url&quot;:&quot;&quot;,&quot;id&quot;:&quot;&quot;,&quot;size&quot;:&quot;&quot;},&quot;wdt_bg_position&quot;:&quot;center center&quot;,&quot;wdt_animation_effect&quot;:&quot;none&quot;}\">\n\t\t\t\t\t\t<div class=\"elementor-container elementor-column-gap-default\">\n\t\t\t\t\t<div class=\"elementor-column elementor-col-100 elementor-top-column elementor-element elementor-element-517a722b\" data-id=\"517a722b\" data-element_type=\"column\">\n\t\t\t<div class=\"elementor-widget-wrap elementor-element-populated\">\n\t\t\t\t\t\t<div class=\"elementor-element elementor-element-55a804a elementor-widget elementor-widget-wdt-heading\" data-id=\"55a804a\" data-element_type=\"widget\" data-settings=\"{&quot;wdt_animation_effect&quot;:&quot;none&quot;}\" data-widget_type=\"wdt-heading.default\">\n\t\t\t\t<div class=\"elementor-widget-container\">\n\t\t\t\t\t<div class=\"wdt-heading-holder \" id=\"wdt-heading-55a804a\"><div class=\"wdt-heading-background-text-wrapper\"><div class=\"wdt-heading-background-text\">Cycling<\/div><\/div><div class=\"wdt-heading-subtitle-wrapper wdt-heading-align- \"><span class=\"wdt-heading-subtitle\">Starting at 20\u20ac\/day<\/span><\/div><h2 class=\"wdt-heading-title-wrapper wdt-heading-align- wdt-heading-deco-wrapper\"><span class=\"wdt-heading-title\">Bike Rentals<\/span><\/h2><\/div>\t\t\t\t<\/div>\n\t\t\t\t<\/div>\n\t\t\t\t<div class=\"elementor-element elementor-element-1cf46f71 elementor-widget elementor-widget-text-editor\" data-id=\"1cf46f71\" data-element_type=\"widget\" data-settings=\"{&quot;wdt_animation_effect&quot;:&quot;none&quot;}\" data-widget_type=\"text-editor.default\">\n\t\t\t\t<div class=\"elementor-widget-container\">\n\t\t\t\t\t\t\t\t\t<p>Welcome to the captivating landscapes of South West Galicia and Northern Portugal, a region blessed with diverse terrains and scenic trails that promise an unparalleled cycling experience. Explore the charming town of Tui, nestled at the foothills of the iconic Mount Aloia, offering a perfect starting point for your cycling adventure. Immerse yourself in the enchanting Portuguese ecovias, meandering along the Minho River from Valen\u00e7a to Caminha, where picturesque villages and riverside paths await. Embark on the trails of Rias Baixas, discovering hidden gems and coastal vistas that add a touch of magic to your journey. Our bike and e-bike rentals are tailored to provide you with the ideal means to discover the beauty of this region, allowing you to pedal through charming villages, alongside serene riverbanks, and along the scenic ecovias. Whether you are an avid cyclist or a leisure rider, the diverse landscapes and well-crafted trails of South West Galicia and Northern Portugal invite you to embark on a cycling adventure like no other.<\/p>\t\t\t\t\t\t\t\t<\/div>\n\t\t\t\t<\/div>\n\t\t\t\t<div class=\"elementor-element elementor-element-291d38eb elementor-widget-divider--view-line elementor-widget elementor-widget-divider\" data-id=\"291d38eb\" data-element_type=\"widget\" data-settings=\"{&quot;wdt_animation_effect&quot;:&quot;none&quot;}\" data-widget_type=\"divider.default\">\n\t\t\t\t<div class=\"elementor-widget-container\">\n\t\t\t\t\t\t\t<div class=\"elementor-divider\">\n\t\t\t<span class=\"elementor-divider-separator\">\n\t\t\t\t\t\t<\/span>\n\t\t<\/div>\n\t\t\t\t\t\t<\/div>\n\t\t\t\t<\/div>\n\t\t\t\t<div class=\"elementor-element elementor-element-680e9729 elementor-icon-list--layout-inline elementor-list-item-link-full_width elementor-widget elementor-widget-icon-list\" data-id=\"680e9729\" data-element_type=\"widget\" data-settings=\"{&quot;wdt_animation_effect&quot;:&quot;none&quot;}\" data-widget_type=\"icon-list.default\">\n\t\t\t\t<div class=\"elementor-widget-container\">\n\t\t\t\t\t\t\t<ul class=\"elementor-icon-list-items elementor-inline-items\">\n\t\t\t\t\t\t\t<li class=\"elementor-icon-list-item elementor-inline-item\">\n\t\t\t\t\t\t\t\t\t\t\t<span class=\"elementor-icon-list-icon\">\n\t\t\t\t\t\t\t<i aria-hidden=\"true\" class=\"fas fa-map-marker\"><\/i>\t\t\t\t\t\t<\/span>\n\t\t\t\t\t\t\t\t\t\t<span class=\"elementor-icon-list-text\">Spain<\/span>\n\t\t\t\t\t\t\t\t\t<\/li>\n\t\t\t\t\t\t\t\t<li class=\"elementor-icon-list-item elementor-inline-item\">\n\t\t\t\t\t\t\t\t\t\t\t<span class=\"elementor-icon-list-icon\">\n\t\t\t\t\t\t\t<i aria-hidden=\"true\" class=\"fas fa-map-marker\"><\/i>\t\t\t\t\t\t<\/span>\n\t\t\t\t\t\t\t\t\t\t<span class=\"elementor-icon-list-text\">Portugal<\/span>\n\t\t\t\t\t\t\t\t\t<\/li>\n\t\t\t\t\t\t<\/ul>\n\t\t\t\t\t\t<\/div>\n\t\t\t\t<\/div>\n\t\t\t\t<div class=\"elementor-element elementor-element-74cc48ec elementor-widget-divider--view-line elementor-widget elementor-widget-divider\" data-id=\"74cc48ec\" data-element_type=\"widget\" data-settings=\"{&quot;wdt_animation_effect&quot;:&quot;none&quot;}\" data-widget_type=\"divider.default\">\n\t\t\t\t<div class=\"elementor-widget-container\">\n\t\t\t\t\t\t\t<div class=\"elementor-divider\">\n\t\t\t<span class=\"elementor-divider-separator\">\n\t\t\t\t\t\t<\/span>\n\t\t<\/div>\n\t\t\t\t\t\t<\/div>\n\t\t\t\t<\/div>\n\t\t\t\t<div class=\"elementor-element elementor-element-4388cb77 elementor-widget elementor-widget-text-editor\" data-id=\"4388cb77\" data-element_type=\"widget\" data-settings=\"{&quot;wdt_animation_effect&quot;:&quot;none&quot;}\" data-widget_type=\"text-editor.default\">\n\t\t\t\t<div class=\"elementor-widget-container\">\n\t\t\t\t\t\t\t\t\t<p><b>E-Bike Rentals<\/b><\/p><p>Discover the joy of effortless exploration with our premium e-bike rentals. Choose from a diverse range, including mountain e-bikes for rugged terrains, trekking e-bikes for versatile adventures, trekking-cross e-bikes for a blend of road and trail exploration, and leisure e-bikes for a relaxed ride through picturesque landscapes. Our fleet of e-bikes boasts an impressive autonomy of over 100+ km, ensuring you can cover ample ground on your journey. Experience the latest in technology and comfort as our e-bikes are regularly updated, with replacements every two years or 1000 kilometers, featuring top-notch components from renowned brands like SHIMANO and SRAM. Each rental comes complete with essential accessories such as a helmet, bell, padlock, phone holder, charger, and mini pump. For extended journeys, we provide additional conveniences, including panniers\/saddlebags, a spare inner tube, and a multitool kit. Your safety is our priority, and all rentals include civil responsibility insurance and accident insurance, offering you peace of mind as you embark on your cycling adventure.<\/p><p><b>Bike Rentals\u00a0<\/b><\/p><p>Embark on a classic cycling journey with our traditional bike rentals, offering a range of options to suit your preferences. Choose from our mountain bikes, available in two tiers of components: Advanced and Performance, designed to tackle various terrains with ease. If speed is your preference, our road bikes provide a swift and efficient ride. For versatile adventures, our trekking bikes are ideal, while leisure bikes offer a relaxed cruising experience. Every rental includes essential accessories such as a helmet, padlock, bell, and minipump. Extended rentals come with added convenience, including a spare inner tube and a multitool kit. At every turn, your safety is paramount, and our rentals come complete with complimentary civil responsibility insurance and accident insurance. This ensures a seamless cycling experience through the captivating landscapes of South West Galicia and Northern Portugal, allowing you to pedal worry-free and soak in the beauty of the surroundings.<\/p>\t\t\t\t\t\t\t\t<\/div>\n\t\t\t\t<\/div>\n\t\t\t\t\t<\/div>\n\t\t<\/div>\n\t\t\t\t\t<\/div>\n\t\t<\/section>\n\t\t\t\t<section class=\"elementor-section elementor-top-section elementor-element elementor-element-32cddcc7 elementor-hidden-desktop elementor-hidden-laptop elementor-hidden-tablet elementor-hidden-mobile_extra elementor-hidden-mobile elementor-section-boxed elementor-section-height-default elementor-section-height-default\" data-id=\"32cddcc7\" data-element_type=\"section\" data-settings=\"{&quot;wdt_bg_image&quot;:{&quot;url&quot;:&quot;&quot;,&quot;id&quot;:&quot;&quot;,&quot;size&quot;:&quot;&quot;},&quot;wdt_bg_image_laptop&quot;:{&quot;url&quot;:&quot;&quot;,&quot;id&quot;:&quot;&quot;,&quot;size&quot;:&quot;&quot;},&quot;wdt_bg_image_tablet_extra&quot;:{&quot;url&quot;:&quot;&quot;,&quot;id&quot;:&quot;&quot;,&quot;size&quot;:&quot;&quot;},&quot;wdt_bg_image_tablet&quot;:{&quot;url&quot;:&quot;&quot;,&quot;id&quot;:&quot;&quot;,&quot;size&quot;:&quot;&quot;},&quot;wdt_bg_image_mobile_extra&quot;:{&quot;url&quot;:&quot;&quot;,&quot;id&quot;:&quot;&quot;,&quot;size&quot;:&quot;&quot;},&quot;wdt_bg_image_mobile&quot;:{&quot;url&quot;:&quot;&quot;,&quot;id&quot;:&quot;&quot;,&quot;size&quot;:&quot;&quot;},&quot;wdt_bg_position&quot;:&quot;center center&quot;,&quot;wdt_animation_effect&quot;:&quot;none&quot;}\">\n\t\t\t\t\t\t<div class=\"elementor-container elementor-column-gap-default\">\n\t\t\t\t\t<div class=\"elementor-column elementor-col-100 elementor-top-column elementor-element elementor-element-7ca24997\" data-id=\"7ca24997\" data-element_type=\"column\" data-settings=\"{&quot;background_background&quot;:&quot;classic&quot;}\">\n\t\t\t<div class=\"elementor-widget-wrap elementor-element-populated\">\n\t\t\t\t\t\t<section class=\"elementor-section elementor-inner-section elementor-element elementor-element-29acdf8d elementor-section-boxed elementor-section-height-default elementor-section-height-default\" data-id=\"29acdf8d\" data-element_type=\"section\" data-settings=\"{&quot;background_background&quot;:&quot;classic&quot;,&quot;wdt_bg_image&quot;:{&quot;url&quot;:&quot;&quot;,&quot;id&quot;:&quot;&quot;,&quot;size&quot;:&quot;&quot;},&quot;wdt_bg_image_laptop&quot;:{&quot;url&quot;:&quot;&quot;,&quot;id&quot;:&quot;&quot;,&quot;size&quot;:&quot;&quot;},&quot;wdt_bg_image_tablet_extra&quot;:{&quot;url&quot;:&quot;&quot;,&quot;id&quot;:&quot;&quot;,&quot;size&quot;:&quot;&quot;},&quot;wdt_bg_image_tablet&quot;:{&quot;url&quot;:&quot;&quot;,&quot;id&quot;:&quot;&quot;,&quot;size&quot;:&quot;&quot;},&quot;wdt_bg_image_mobile_extra&quot;:{&quot;url&quot;:&quot;&quot;,&quot;id&quot;:&quot;&quot;,&quot;size&quot;:&quot;&quot;},&quot;wdt_bg_image_mobile&quot;:{&quot;url&quot;:&quot;&quot;,&quot;id&quot;:&quot;&quot;,&quot;size&quot;:&quot;&quot;},&quot;wdt_bg_position&quot;:&quot;center center&quot;,&quot;wdt_animation_effect&quot;:&quot;none&quot;}\">\n\t\t\t\t\t\t<div class=\"elementor-container elementor-column-gap-default\">\n\t\t\t\t\t<div class=\"elementor-column elementor-col-100 elementor-inner-column elementor-element elementor-element-48ac8663\" data-id=\"48ac8663\" data-element_type=\"column\">\n\t\t\t<div class=\"elementor-widget-wrap elementor-element-populated\">\n\t\t\t\t\t\t<div class=\"elementor-element elementor-element-42781bc6 elementor-widget elementor-widget-heading\" data-id=\"42781bc6\" data-element_type=\"widget\" data-settings=\"{&quot;wdt_animation_effect&quot;:&quot;none&quot;}\" data-widget_type=\"heading.default\">\n\t\t\t\t<div class=\"elementor-widget-container\">\n\t\t\t\t\t<h3 class=\"elementor-heading-title elementor-size-default\">Book Your Next Adventure<\/h3>\t\t\t\t<\/div>\n\t\t\t\t<\/div>\n\t\t\t\t<div class=\"elementor-element elementor-element-eb01b4f elementor-button-align-stretch elementor-widget elementor-widget-form\" data-id=\"eb01b4f\" data-element_type=\"widget\" data-settings=\"{&quot;step_next_label&quot;:&quot;Next&quot;,&quot;step_previous_label&quot;:&quot;Previous&quot;,&quot;button_width&quot;:&quot;100&quot;,&quot;step_type&quot;:&quot;number_text&quot;,&quot;step_icon_shape&quot;:&quot;circle&quot;,&quot;wdt_animation_effect&quot;:&quot;none&quot;}\" data-widget_type=\"form.default\">\n\t\t\t\t<div class=\"elementor-widget-container\">\n\t\t\t\t\t\t\t<form class=\"elementor-form\" method=\"post\" name=\"New Form\">\n\t\t\t<input type=\"hidden\" name=\"post_id\" value=\"2777\"\/>\n\t\t\t<input type=\"hidden\" name=\"form_id\" value=\"eb01b4f\"\/>\n\t\t\t<input type=\"hidden\" name=\"referer_title\" value=\"Bicicletas en alquiler en Tui - Rutas bici - BICITUI\" \/>\n\n\t\t\t\t\t\t\t<input type=\"hidden\" name=\"queried_id\" value=\"2777\"\/>\n\t\t\t\n\t\t\t<div class=\"elementor-form-fields-wrapper elementor-labels-\">\n\t\t\t\t\t\t\t\t<div class=\"elementor-field-type-text elementor-field-group elementor-column elementor-field-group-name1 elementor-col-100\">\n\t\t\t\t\t\t\t\t\t\t\t\t<label for=\"form-field-name1\" class=\"elementor-field-label elementor-screen-only\">\n\t\t\t\t\t\t\t\tName\t\t\t\t\t\t\t<\/label>\n\t\t\t\t\t\t\t\t\t\t\t\t\t\t<input size=\"1\" type=\"text\" name=\"form_fields[name1]\" id=\"form-field-name1\" class=\"elementor-field elementor-size-sm  elementor-field-textual\" placeholder=\"Name\">\n\t\t\t\t\t\t\t\t\t\t\t<\/div>\n\t\t\t\t\t\t\t\t<div class=\"elementor-field-type-email elementor-field-group elementor-column elementor-field-group-email1 elementor-col-100 elementor-field-required\">\n\t\t\t\t\t\t\t\t\t\t\t\t<label for=\"form-field-email1\" class=\"elementor-field-label elementor-screen-only\">\n\t\t\t\t\t\t\t\tEmail\t\t\t\t\t\t\t<\/label>\n\t\t\t\t\t\t\t\t\t\t\t\t\t\t<input size=\"1\" type=\"email\" name=\"form_fields[email1]\" id=\"form-field-email1\" class=\"elementor-field elementor-size-sm  elementor-field-textual\" placeholder=\"Email\" required=\"required\">\n\t\t\t\t\t\t\t\t\t\t\t<\/div>\n\t\t\t\t\t\t\t\t<div class=\"elementor-field-type-tel elementor-field-group elementor-column elementor-field-group-Phone1 elementor-col-100\">\n\t\t\t\t\t\t\t\t\t\t\t\t<label for=\"form-field-Phone1\" class=\"elementor-field-label elementor-screen-only\">\n\t\t\t\t\t\t\t\tPhone\t\t\t\t\t\t\t<\/label>\n\t\t\t\t\t\t\t\t<input size=\"1\" type=\"tel\" name=\"form_fields[Phone1]\" id=\"form-field-Phone1\" class=\"elementor-field elementor-size-sm  elementor-field-textual\" placeholder=\"Phone\" pattern=\"[0-9()#&amp;+*-=.]+\" title=\"Tel\u00e9fonoTelefon\">\n\n\t\t\t\t\t\t<\/div>\n\t\t\t\t\t\t\t\t<div class=\"elementor-field-type-date elementor-field-group elementor-column elementor-field-group-field_625f2ae elementor-col-100\">\n\t\t\t\t\t\t\t\t\t\t\t\t<label for=\"form-field-field_625f2ae\" class=\"elementor-field-label elementor-screen-only\">\n\t\t\t\t\t\t\t\tMonth\t\t\t\t\t\t\t<\/label>\n\t\t\t\t\t\t\n\t\t<input type=\"date\" name=\"form_fields[field_625f2ae]\" id=\"form-field-field_625f2ae\" class=\"elementor-field elementor-size-sm  elementor-field-textual elementor-date-field\" placeholder=\"mm\/dd\/yyyy\" pattern=\"[0-9]{4}-[0-9]{2}-[0-9]{2}\">\n\t\t\t\t\t\t<\/div>\n\t\t\t\t\t\t\t\t<div class=\"elementor-field-type-number elementor-field-group elementor-column elementor-field-group-field_47de9a4 elementor-col-100\">\n\t\t\t\t\t\t\t\t\t\t\t\t<label for=\"form-field-field_47de9a4\" class=\"elementor-field-label elementor-screen-only\">\n\t\t\t\t\t\t\t\tTickets\t\t\t\t\t\t\t<\/label>\n\t\t\t\t\t\t\t\t\t<input type=\"number\" name=\"form_fields[field_47de9a4]\" id=\"form-field-field_47de9a4\" class=\"elementor-field elementor-size-sm  elementor-field-textual\" placeholder=\"Number of tickets\" min=\"\" max=\"\" >\n\t\t\t\t\t\t<\/div>\n\t\t\t\t\t\t\t\t<div class=\"elementor-field-type-textarea elementor-field-group elementor-column elementor-field-group-field_244228a elementor-col-100\">\n\t\t\t\t\t\t\t\t\t\t\t\t<label for=\"form-field-field_244228a\" class=\"elementor-field-label elementor-screen-only\">\n\t\t\t\t\t\t\t\tMessage\t\t\t\t\t\t\t<\/label>\n\t\t\t\t\t\t<textarea class=\"elementor-field-textual elementor-field  elementor-size-sm\" name=\"form_fields[field_244228a]\" id=\"form-field-field_244228a\" rows=\"4\" placeholder=\"Message\"><\/textarea>\t\t\t\t<\/div>\n\t\t\t\t\t\t\t\t<div class=\"elementor-field-group elementor-column elementor-field-type-submit elementor-col-100 e-form__buttons\">\n\t\t\t\t\t<button class=\"elementor-button elementor-size-sm\" type=\"submit\">\n\t\t\t\t\t\t<span class=\"elementor-button-content-wrapper\">\n\t\t\t\t\t\t\t\t\t\t\t\t\t\t\t\t\t\t\t\t\t\t<span class=\"elementor-button-text\">Enquiry Now<\/span>\n\t\t\t\t\t\t\t\t\t\t\t\t\t<\/span>\n\t\t\t\t\t<\/button>\n\t\t\t\t<\/div>\n\t\t\t<\/div>\n\t\t<\/form>\n\t\t\t\t\t\t<\/div>\n\t\t\t\t<\/div>\n\t\t\t\t\t<\/div>\n\t\t<\/div>\n\t\t\t\t\t<\/div>\n\t\t<\/section>\n\t\t\t\t<div class=\"elementor-element elementor-element-5d91c6be elementor-widget elementor-widget-image\" data-id=\"5d91c6be\" data-element_type=\"widget\" data-settings=\"{&quot;wdt_animation_effect&quot;:&quot;none&quot;}\" data-widget_type=\"image.default\">\n\t\t\t\t<div class=\"elementor-widget-container\">\n\t\t\t\t\t\t\t\t\t\t\t\t\t\t\t<img decoding=\"async\" width=\"2560\" height=\"1920\" src=\"https:\/\/bicitui.es\/wp-content\/uploads\/2024\/01\/3-scaled.jpg\" class=\"attachment-full size-full wp-image-2432\" alt=\"\" srcset=\"https:\/\/bicitui.es\/wp-content\/uploads\/2024\/01\/3-scaled.jpg 2560w, https:\/\/bicitui.es\/wp-content\/uploads\/2024\/01\/3-300x225.jpg 300w, https:\/\/bicitui.es\/wp-content\/uploads\/2024\/01\/3-1024x768.jpg 1024w, https:\/\/bicitui.es\/wp-content\/uploads\/2024\/01\/3-768x576.jpg 768w, https:\/\/bicitui.es\/wp-content\/uploads\/2024\/01\/3-1536x1152.jpg 1536w, https:\/\/bicitui.es\/wp-content\/uploads\/2024\/01\/3-2048x1536.jpg 2048w\" sizes=\"(max-width: 2560px) 100vw, 2560px\" \/>\t\t\t\t\t\t\t\t\t\t\t\t\t\t\t<\/div>\n\t\t\t\t<\/div>\n\t\t\t\t\t<\/div>\n\t\t<\/div>\n\t\t\t\t\t<\/div>\n\t\t<\/section>\n\t\t\t\t<section class=\"elementor-section elementor-top-section elementor-element elementor-element-bc73043 elementor-section-boxed elementor-section-height-default elementor-section-height-default\" data-id=\"bc73043\" data-element_type=\"section\" data-settings=\"{&quot;wdt_bg_image&quot;:{&quot;url&quot;:&quot;&quot;,&quot;id&quot;:&quot;&quot;,&quot;size&quot;:&quot;&quot;},&quot;wdt_bg_image_laptop&quot;:{&quot;url&quot;:&quot;&quot;,&quot;id&quot;:&quot;&quot;,&quot;size&quot;:&quot;&quot;},&quot;wdt_bg_image_tablet_extra&quot;:{&quot;url&quot;:&quot;&quot;,&quot;id&quot;:&quot;&quot;,&quot;size&quot;:&quot;&quot;},&quot;wdt_bg_image_tablet&quot;:{&quot;url&quot;:&quot;&quot;,&quot;id&quot;:&quot;&quot;,&quot;size&quot;:&quot;&quot;},&quot;wdt_bg_image_mobile_extra&quot;:{&quot;url&quot;:&quot;&quot;,&quot;id&quot;:&quot;&quot;,&quot;size&quot;:&quot;&quot;},&quot;wdt_bg_image_mobile&quot;:{&quot;url&quot;:&quot;&quot;,&quot;id&quot;:&quot;&quot;,&quot;size&quot;:&quot;&quot;},&quot;wdt_bg_position&quot;:&quot;center center&quot;,&quot;wdt_animation_effect&quot;:&quot;none&quot;}\" data-no-translation=\"\">\n\t\t\t\t\t\t<div class=\"elementor-container elementor-column-gap-default\">\n\t\t\t\t\t<div class=\"elementor-column elementor-col-100 elementor-top-column elementor-element elementor-element-7582062\" data-id=\"7582062\" data-element_type=\"column\">\n\t\t\t<div class=\"elementor-widget-wrap elementor-element-populated\">\n\t\t\t\t\t\t<div class=\"elementor-element elementor-element-84488e5 elementor-widget elementor-widget-shortcode\" data-id=\"84488e5\" data-element_type=\"widget\" data-settings=\"{&quot;wdt_animation_effect&quot;:&quot;none&quot;}\" data-widget_type=\"shortcode.default\">\n\t\t\t\t<div class=\"elementor-widget-container\">\n\t\t\t\t\t\t\t<div class=\"elementor-shortcode\"><product-catalog-widget widget-id=\"463fc1ca-eeec-4b8b-aa85-453835bd64e9\"><\/product-catalog-widget><script type=\"text\/javascript\" src=\"https:\/\/widgets.regiondo.net\/catalog\/v1\/catalog-widget.min.js\"><\/script><\/div>\n\t\t\t\t\t\t<\/div>\n\t\t\t\t<\/div>\n\t\t\t\t\t<\/div>\n\t\t<\/div>\n\t\t\t\t\t<\/div>\n\t\t<\/section>\n\t\t\t\t<\/div>\n\t\t","protected":false},"excerpt":{"rendered":"<p>CyclingStarting at 20\u20ac\/day Bike Rentals in TUI Welcome to the captivating landscapes of South West Galicia and Northern Portugal, a region blessed with diverse terrains and scenic trails that promise an unparalleled cycling experience. Explore the charming town of Tui, nestled at the foothills of the iconic Mount Aloia, offering a perfect starting point for [&hellip;]<\/p>\n","protected":false},"author":6,"featured_media":0,"parent":0,"menu_order":0,"comment_status":"closed","ping_status":"closed","template":"elementor_header_footer","meta":{"footnotes":""},"class_list":["post-2777","page","type-page","status-publish","hentry"],"yoast_head":"<!-- This site is optimized with the Yoast SEO plugin v24.7 - https:\/\/yoast.com\/wordpress\/plugins\/seo\/ -->\n<title>Bicicletas en alquiler en Tui - Rutas bici - BICITUI<\/title>\n<meta name=\"description\" content=\"Descubre nuestros alquileres de bicis, kayaks y tablas SUP en Tui para disfrutar de diferentes aventuras por Galicia \u00a1Solic\u00edtanos m\u00e1s informaci\u00f3n u elige la aventura que quieres vivir!\" \/>\n<meta name=\"robots\" content=\"index, follow, max-snippet:-1, max-image-preview:large, max-video-preview:-1\" \/>\n<link rel=\"canonical\" href=\"https:\/\/bicitui.es\/en\/alquiler-de-bicicletas-2\/\" \/>\n<meta property=\"og:locale\" content=\"en_GB\" \/>\n<meta property=\"og:type\" content=\"article\" \/>\n<meta property=\"og:title\" content=\"Bicicletas en alquiler en Tui - Rutas bici - BICITUI\" \/>\n<meta property=\"og:description\" content=\"Descubre nuestros alquileres de bicis, kayaks y tablas SUP en Tui para disfrutar de diferentes aventuras por Galicia \u00a1Solic\u00edtanos m\u00e1s informaci\u00f3n u elige la aventura que quieres vivir!\" \/>\n<meta property=\"og:url\" content=\"https:\/\/bicitui.es\/en\/alquiler-de-bicicletas-2\/\" \/>\n<meta property=\"og:site_name\" content=\"BiciTui\" \/>\n<meta property=\"article:modified_time\" content=\"2025-03-22T02:20:15+00:00\" \/>\n<meta property=\"og:image\" content=\"https:\/\/bicitui.es\/wp-content\/uploads\/2023\/04\/Square-Photo-1-scaled.jpg\" \/>\n<meta name=\"twitter:card\" content=\"summary_large_image\" \/>\n<meta name=\"twitter:label1\" content=\"Estimated reading time\" \/>\n\t<meta name=\"twitter:data1\" content=\"6 minutes\" \/>\n<script type=\"application\/ld+json\" class=\"yoast-schema-graph\">{\"@context\":\"https:\/\/schema.org\",\"@graph\":[{\"@type\":\"WebPage\",\"@id\":\"https:\/\/bicitui.es\/alquiler-de-bicicletas-2\/\",\"url\":\"https:\/\/bicitui.es\/alquiler-de-bicicletas-2\/\",\"name\":\"Bicicletas en alquiler en Tui - Rutas bici - BICITUI\",\"isPartOf\":{\"@id\":\"https:\/\/bicitui.es\/es\/#website\"},\"primaryImageOfPage\":{\"@id\":\"https:\/\/bicitui.es\/alquiler-de-bicicletas-2\/#primaryimage\"},\"image\":{\"@id\":\"https:\/\/bicitui.es\/alquiler-de-bicicletas-2\/#primaryimage\"},\"thumbnailUrl\":\"https:\/\/bicitui.es\/wp-content\/uploads\/2023\/04\/Square-Photo-1-scaled.jpg\",\"datePublished\":\"2025-03-22T02:17:51+00:00\",\"dateModified\":\"2025-03-22T02:20:15+00:00\",\"description\":\"Descubre nuestros alquileres de bicis, kayaks y tablas SUP en Tui para disfrutar de diferentes aventuras por Galicia \u00a1Solic\u00edtanos m\u00e1s informaci\u00f3n u elige la aventura que quieres vivir!\",\"breadcrumb\":{\"@id\":\"https:\/\/bicitui.es\/alquiler-de-bicicletas-2\/#breadcrumb\"},\"inLanguage\":\"en-GB\",\"potentialAction\":[{\"@type\":\"ReadAction\",\"target\":[\"https:\/\/bicitui.es\/alquiler-de-bicicletas-2\/\"]}]},{\"@type\":\"ImageObject\",\"inLanguage\":\"en-GB\",\"@id\":\"https:\/\/bicitui.es\/alquiler-de-bicicletas-2\/#primaryimage\",\"url\":\"https:\/\/bicitui.es\/wp-content\/uploads\/2023\/04\/Square-Photo-1-scaled.jpg\",\"contentUrl\":\"https:\/\/bicitui.es\/wp-content\/uploads\/2023\/04\/Square-Photo-1-scaled.jpg\"},{\"@type\":\"BreadcrumbList\",\"@id\":\"https:\/\/bicitui.es\/alquiler-de-bicicletas-2\/#breadcrumb\",\"itemListElement\":[{\"@type\":\"ListItem\",\"position\":1,\"name\":\"Home\",\"item\":\"https:\/\/bicitui.es\/es\/\"},{\"@type\":\"ListItem\",\"position\":2,\"name\":\"Bike Rentals\"}]},{\"@type\":\"WebSite\",\"@id\":\"https:\/\/bicitui.es\/es\/#website\",\"url\":\"https:\/\/bicitui.es\/es\/\",\"name\":\"BiciTui\",\"description\":\"Bike Rentals and Camino Experiences - Your Adventure, Your Way\",\"potentialAction\":[{\"@type\":\"SearchAction\",\"target\":{\"@type\":\"EntryPoint\",\"urlTemplate\":\"https:\/\/bicitui.es\/es\/?s={search_term_string}\"},\"query-input\":{\"@type\":\"PropertyValueSpecification\",\"valueRequired\":true,\"valueName\":\"search_term_string\"}}],\"inLanguage\":\"en-GB\"}]}<\/script>\n<!-- \/ Yoast SEO plugin. -->","yoast_head_json":{"title":"Bicicletas en alquiler en Tui - Rutas bici - BICITUI","description":"Descubre nuestros alquileres de bicis, kayaks y tablas SUP en Tui para disfrutar de diferentes aventuras por Galicia \u00a1Solic\u00edtanos m\u00e1s informaci\u00f3n u elige la aventura que quieres vivir!","robots":{"index":"index","follow":"follow","max-snippet":"max-snippet:-1","max-image-preview":"max-image-preview:large","max-video-preview":"max-video-preview:-1"},"canonical":"https:\/\/bicitui.es\/en\/alquiler-de-bicicletas-2\/","og_locale":"en_GB","og_type":"article","og_title":"Bicicletas en alquiler en Tui - Rutas bici - BICITUI","og_description":"Descubre nuestros alquileres de bicis, kayaks y tablas SUP en Tui para disfrutar de diferentes aventuras por Galicia \u00a1Solic\u00edtanos m\u00e1s informaci\u00f3n u elige la aventura que quieres vivir!","og_url":"https:\/\/bicitui.es\/en\/alquiler-de-bicicletas-2\/","og_site_name":"BiciTui","article_modified_time":"2025-03-22T02:20:15+00:00","og_image":[{"url":"https:\/\/bicitui.es\/wp-content\/uploads\/2023\/04\/Square-Photo-1-scaled.jpg","type":"","width":"","height":""}],"twitter_card":"summary_large_image","twitter_misc":{"Estimated reading time":"6 minutes"},"schema":{"@context":"https:\/\/schema.org","@graph":[{"@type":"WebPage","@id":"https:\/\/bicitui.es\/alquiler-de-bicicletas-2\/","url":"https:\/\/bicitui.es\/alquiler-de-bicicletas-2\/","name":"Bicicletas en alquiler en Tui - Rutas bici - BICITUI","isPartOf":{"@id":"https:\/\/bicitui.es\/es\/#website"},"primaryImageOfPage":{"@id":"https:\/\/bicitui.es\/alquiler-de-bicicletas-2\/#primaryimage"},"image":{"@id":"https:\/\/bicitui.es\/alquiler-de-bicicletas-2\/#primaryimage"},"thumbnailUrl":"https:\/\/bicitui.es\/wp-content\/uploads\/2023\/04\/Square-Photo-1-scaled.jpg","datePublished":"2025-03-22T02:17:51+00:00","dateModified":"2025-03-22T02:20:15+00:00","description":"Descubre nuestros alquileres de bicis, kayaks y tablas SUP en Tui para disfrutar de diferentes aventuras por Galicia \u00a1Solic\u00edtanos m\u00e1s informaci\u00f3n u elige la aventura que quieres vivir!","breadcrumb":{"@id":"https:\/\/bicitui.es\/alquiler-de-bicicletas-2\/#breadcrumb"},"inLanguage":"en-GB","potentialAction":[{"@type":"ReadAction","target":["https:\/\/bicitui.es\/alquiler-de-bicicletas-2\/"]}]},{"@type":"ImageObject","inLanguage":"en-GB","@id":"https:\/\/bicitui.es\/alquiler-de-bicicletas-2\/#primaryimage","url":"https:\/\/bicitui.es\/wp-content\/uploads\/2023\/04\/Square-Photo-1-scaled.jpg","contentUrl":"https:\/\/bicitui.es\/wp-content\/uploads\/2023\/04\/Square-Photo-1-scaled.jpg"},{"@type":"BreadcrumbList","@id":"https:\/\/bicitui.es\/alquiler-de-bicicletas-2\/#breadcrumb","itemListElement":[{"@type":"ListItem","position":1,"name":"Home","item":"https:\/\/bicitui.es\/es\/"},{"@type":"ListItem","position":2,"name":"Bike Rentals"}]},{"@type":"WebSite","@id":"https:\/\/bicitui.es\/es\/#website","url":"https:\/\/bicitui.es\/es\/","name":"BiciTui","description":"Bike Rentals and Camino Experiences - Your Adventure, Your Way","potentialAction":[{"@type":"SearchAction","target":{"@type":"EntryPoint","urlTemplate":"https:\/\/bicitui.es\/es\/?s={search_term_string}"},"query-input":{"@type":"PropertyValueSpecification","valueRequired":true,"valueName":"search_term_string"}}],"inLanguage":"en-GB"}]}},"_links":{"self":[{"href":"https:\/\/bicitui.es\/en\/wp-json\/wp\/v2\/pages\/2777","targetHints":{"allow":["GET"]}}],"collection":[{"href":"https:\/\/bicitui.es\/en\/wp-json\/wp\/v2\/pages"}],"about":[{"href":"https:\/\/bicitui.es\/en\/wp-json\/wp\/v2\/types\/page"}],"author":[{"embeddable":true,"href":"https:\/\/bicitui.es\/en\/wp-json\/wp\/v2\/users\/6"}],"replies":[{"embeddable":true,"href":"https:\/\/bicitui.es\/en\/wp-json\/wp\/v2\/comments?post=2777"}],"version-history":[{"count":1,"href":"https:\/\/bicitui.es\/en\/wp-json\/wp\/v2\/pages\/2777\/revisions"}],"predecessor-version":[{"id":2778,"href":"https:\/\/bicitui.es\/en\/wp-json\/wp\/v2\/pages\/2777\/revisions\/2778"}],"wp:attachment":[{"href":"https:\/\/bicitui.es\/en\/wp-json\/wp\/v2\/media?parent=2777"}],"curies":[{"name":"wp","href":"https:\/\/api.w.org\/{rel}","templated":true}]}}