{"id":3,"date":"2023-03-03T11:01:27","date_gmt":"2023-03-03T11:01:27","guid":{"rendered":"https:\/\/39732191.servicio-online.net\/?page_id=3"},"modified":"2024-03-12T10:30:08","modified_gmt":"2024-03-12T10:30:08","slug":"privacy-policy","status":"publish","type":"page","link":"https:\/\/bicitui.es\/es\/politica-de-privacidad\/","title":{"rendered":"Pol\u00edtica de Privacidad"},"content":{"rendered":"<div data-elementor-type=\"wp-page\" data-elementor-id=\"3\" class=\"elementor elementor-3\" data-elementor-post-type=\"page\">\n\t\t\t\t<section class=\"elementor-section elementor-top-section elementor-element elementor-element-6874dcb wdt-no-full-section elementor-section-boxed elementor-section-height-default elementor-section-height-default\" data-id=\"6874dcb\" data-element_type=\"section\" data-settings=\"{&quot;wdt_bg_image&quot;:{&quot;url&quot;:&quot;&quot;,&quot;id&quot;:&quot;&quot;,&quot;size&quot;:&quot;&quot;},&quot;wdt_bg_image_laptop&quot;:{&quot;url&quot;:&quot;&quot;,&quot;id&quot;:&quot;&quot;,&quot;size&quot;:&quot;&quot;},&quot;wdt_bg_image_tablet_extra&quot;:{&quot;url&quot;:&quot;&quot;,&quot;id&quot;:&quot;&quot;,&quot;size&quot;:&quot;&quot;},&quot;wdt_bg_image_tablet&quot;:{&quot;url&quot;:&quot;&quot;,&quot;id&quot;:&quot;&quot;,&quot;size&quot;:&quot;&quot;},&quot;wdt_bg_image_mobile_extra&quot;:{&quot;url&quot;:&quot;&quot;,&quot;id&quot;:&quot;&quot;,&quot;size&quot;:&quot;&quot;},&quot;wdt_bg_image_mobile&quot;:{&quot;url&quot;:&quot;&quot;,&quot;id&quot;:&quot;&quot;,&quot;size&quot;:&quot;&quot;},&quot;wdt_bg_position&quot;:&quot;center center&quot;,&quot;wdt_animation_effect&quot;:&quot;none&quot;}\">\n\t\t\t\t\t\t<div class=\"elementor-container elementor-column-gap-no\">\n\t\t\t\t\t<div class=\"elementor-column elementor-col-100 elementor-top-column elementor-element elementor-element-bd69e31\" data-id=\"bd69e31\" data-element_type=\"column\">\n\t\t\t<div class=\"elementor-widget-wrap elementor-element-populated\">\n\t\t\t\t\t\t<div class=\"elementor-element elementor-element-2952281 elementor-widget elementor-widget-wdt-heading\" data-id=\"2952281\" data-element_type=\"widget\" data-settings=\"{&quot;wdt_animation_effect&quot;:&quot;none&quot;}\" data-widget_type=\"wdt-heading.default\">\n\t\t\t\t<div class=\"elementor-widget-container\">\n\t\t\t\t\t<div class=\"wdt-heading-holder\" id=\"wdt-heading-2952281\"><h3 class=\"wdt-heading-title-wrapper wdt-heading-align- wdt-heading-deco-wrapper\"><span class=\"wdt-heading-title\">Pol\u00edtica de Privacidad<\/span><\/h3><\/div>\t\t\t\t<\/div>\n\t\t\t\t<\/div>\n\t\t\t\t<div class=\"elementor-element elementor-element-56d0ae2 elementor-widget elementor-widget-wdt-heading\" data-id=\"56d0ae2\" data-element_type=\"widget\" data-settings=\"{&quot;wdt_animation_effect&quot;:&quot;none&quot;}\" data-widget_type=\"wdt-heading.default\">\n\t\t\t\t<div class=\"elementor-widget-container\">\n\t\t\t\t\t<div class=\"wdt-heading-holder\" id=\"wdt-heading-56d0ae2\"><h5 class=\"wdt-heading-title-wrapper wdt-heading-align- wdt-heading-deco-wrapper\"><span class=\"wdt-heading-title\">INFORMACI\u00d3N AL USUARIO<\/span><\/h5><\/div>\t\t\t\t<\/div>\n\t\t\t\t<\/div>\n\t\t\t\t<div class=\"elementor-element elementor-element-5b36800 elementor-widget elementor-widget-wdt-heading\" data-id=\"5b36800\" data-element_type=\"widget\" data-settings=\"{&quot;wdt_animation_effect&quot;:&quot;none&quot;}\" data-widget_type=\"wdt-heading.default\">\n\t\t\t\t<div class=\"elementor-widget-container\">\n\t\t\t\t\t<div class=\"wdt-heading-holder\" id=\"wdt-heading-5b36800\"><h6 class=\"wdt-heading-title-wrapper wdt-heading-align- wdt-heading-deco-wrapper\"><span class=\"wdt-heading-title\">\u00bfQui\u00e9n es el responsable del tratamiento de sus datos personales?<\/span><\/h6><div class=\"wdt-heading-content-wrapper\">RIVAS ALMIRON S.L. es RESPONSABLE del tratamiento de los datos personales del USUARIO y le informa que estos datos ser\u00e1n tratados de conformidad con lo establecido en el Reglamento (UE) 2016\/679, de 27 de abril (GDPR) y la Ley Org\u00e1nica 3\/2018, de 5 de diciembre (LOPDGDD).<\/div><\/div>\t\t\t\t<\/div>\n\t\t\t\t<\/div>\n\t\t\t\t<div class=\"elementor-element elementor-element-bb33d3b elementor-widget elementor-widget-heading\" data-id=\"bb33d3b\" data-element_type=\"widget\" data-settings=\"{&quot;wdt_animation_effect&quot;:&quot;none&quot;}\" data-widget_type=\"heading.default\">\n\t\t\t\t<div class=\"elementor-widget-container\">\n\t\t\t\t\t<h6 class=\"elementor-heading-title elementor-size-default\">\u00bfPara qu\u00e9 tratamos tus datos personales?<\/h6>\t\t\t\t<\/div>\n\t\t\t\t<\/div>\n\t\t\t\t<div class=\"elementor-element elementor-element-ab0f780 elementor-widget elementor-widget-text-editor\" data-id=\"ab0f780\" data-element_type=\"widget\" data-settings=\"{&quot;wdt_animation_effect&quot;:&quot;none&quot;}\" data-widget_type=\"text-editor.default\">\n\t\t\t\t<div class=\"elementor-widget-container\">\n\t\t\t\t\t\t\t\t\t<p>Para mantener una relaci\u00f3n comercial con el usuario. Las operaciones previstas para llevar a cabo el tratamiento son:<\/p>\n<ol>\n<li aria-level=\"1\">Env\u00edo de comunicaciones comerciales publicitarias por correo electr\u00f3nico, fax, SMS, MMS, redes sociales o cualquier otro medio electr\u00f3nico o f\u00edsico, presente o futuro, que posibilite realizar comunicaciones comerciales. Estas comunicaciones ser\u00e1n realizadas por parte del RESPONSABLE y ser\u00e1n relacionadas sobre sus productos y servicios, o de sus colaboradores o proveedores, con los que \u00e9ste hubiera alcanzado alg\u00fan acuerdo de promoci\u00f3n. En este caso, los terceros nunca tendr\u00e1n acceso a los datos personales.<\/li>\n<li aria-level=\"1\">Realizar estudios de mercado y an\u00e1lisis estad\u00edsticos.<\/li>\n<li aria-level=\"1\">Tramitar encargos, solicitudes, responder a consultas o cualquier tipo de petici\u00f3n que sea realizada por el USUARIO a trav\u00e9s de cualquiera de las formas de contacto puestas a disposici\u00f3n en el sitio web del RESPONSABLE.<\/li>\n<li aria-level=\"1\">Enviar el bolet\u00edn online sobre novedades, ofertas y promociones en nuestra actividad.<\/li>\n<\/ol>\t\t\t\t\t\t\t\t<\/div>\n\t\t\t\t<\/div>\n\t\t\t\t<div class=\"elementor-element elementor-element-9e7b5d3 elementor-widget elementor-widget-heading\" data-id=\"9e7b5d3\" data-element_type=\"widget\" data-settings=\"{&quot;wdt_animation_effect&quot;:&quot;none&quot;}\" data-widget_type=\"heading.default\">\n\t\t\t\t<div class=\"elementor-widget-container\">\n\t\t\t\t\t<h6 class=\"elementor-heading-title elementor-size-default\">\u00bfPara qu\u00e9 tratamos tus datos personales?<\/h6>\t\t\t\t<\/div>\n\t\t\t\t<\/div>\n\t\t\t\t<div class=\"elementor-element elementor-element-867979b elementor-widget elementor-widget-text-editor\" data-id=\"867979b\" data-element_type=\"widget\" data-settings=\"{&quot;wdt_animation_effect&quot;:&quot;none&quot;}\" data-widget_type=\"text-editor.default\">\n\t\t\t\t<div class=\"elementor-widget-container\">\n\t\t\t\t\t\t\t\t\t<p>Porque el tratamiento est\u00e1 legitimado por el art\u00edculo 6 del GDPR de la siguiente manera:<\/p>\n<ol>\n<li aria-level=\"1\">Con el consentimiento del USUARIO: remisi\u00f3n de comunicaciones comerciales y newsletter.<\/li>\n<li aria-level=\"1\">Por inter\u00e9s leg\u00edtimo del RESPONSABLE: realizar estudios de mercado, an\u00e1lisis estad\u00edsticos, etc. y tramitar pedidos, solicitudes, etc. a petici\u00f3n del USUARIO.<\/li>\n<\/ol>\t\t\t\t\t\t\t\t<\/div>\n\t\t\t\t<\/div>\n\t\t\t\t<div class=\"elementor-element elementor-element-ae15536 elementor-widget elementor-widget-wdt-heading\" data-id=\"ae15536\" data-element_type=\"widget\" data-settings=\"{&quot;wdt_animation_effect&quot;:&quot;none&quot;}\" data-widget_type=\"wdt-heading.default\">\n\t\t\t\t<div class=\"elementor-widget-container\">\n\t\t\t\t\t<div class=\"wdt-heading-holder\" id=\"wdt-heading-ae15536\"><h6 class=\"wdt-heading-title-wrapper wdt-heading-align- wdt-heading-deco-wrapper\"><span class=\"wdt-heading-title\">\u00bfDurante cu\u00e1nto tiempo conservaremos sus datos personales?<\/span><\/h6><div class=\"wdt-heading-content-wrapper\">Se conservar\u00e1n durante un plazo no superior al necesario para el mantenimiento de la finalidad del tratamiento o existan exigencias legales que impongan su custodia y cuando deje de ser necesario para dicha finalidad, se proceder\u00e1 a su supresi\u00f3n con las medidas de seguridad adecuadas para garantizar la anonimizaci\u00f3n de los datos o la destrucci\u00f3n total de los mismos.<\/div><\/div>\t\t\t\t<\/div>\n\t\t\t\t<\/div>\n\t\t\t\t<div class=\"elementor-element elementor-element-fdb1a3d elementor-widget elementor-widget-wdt-heading\" data-id=\"fdb1a3d\" data-element_type=\"widget\" data-settings=\"{&quot;wdt_animation_effect&quot;:&quot;none&quot;}\" data-widget_type=\"wdt-heading.default\">\n\t\t\t\t<div class=\"elementor-widget-container\">\n\t\t\t\t\t<div class=\"wdt-heading-holder\" id=\"wdt-heading-fdb1a3d\"><h6 class=\"wdt-heading-title-wrapper wdt-heading-align- wdt-heading-deco-wrapper\"><span class=\"wdt-heading-title\">\u00bfA qui\u00e9n facilitamos sus datos personales?<\/span><\/h6><div class=\"wdt-heading-content-wrapper\">No est\u00e1 prevista la comunicaci\u00f3n de datos personales a terceros salvo, en caso de ser necesario para el desarrollo y ejecuci\u00f3n de las finalidades del tratamiento, a nuestros proveedores de servicios relacionados con las comunicaciones, con los que el RESPONSABLE ha suscrito los contratos de confidencialidad y encargado del tratamiento exigidos por la normativa de privacidad vigente.<\/div><\/div>\t\t\t\t<\/div>\n\t\t\t\t<\/div>\n\t\t\t\t<div class=\"elementor-element elementor-element-eb5d44e elementor-widget elementor-widget-heading\" data-id=\"eb5d44e\" data-element_type=\"widget\" data-settings=\"{&quot;wdt_animation_effect&quot;:&quot;none&quot;}\" data-widget_type=\"heading.default\">\n\t\t\t\t<div class=\"elementor-widget-container\">\n\t\t\t\t\t<h6 class=\"elementor-heading-title elementor-size-default\">\u00bfCu\u00e1les son sus derechos?<\/h6>\t\t\t\t<\/div>\n\t\t\t\t<\/div>\n\t\t\t\t<div class=\"elementor-element elementor-element-8d1db12 elementor-widget elementor-widget-text-editor\" data-id=\"8d1db12\" data-element_type=\"widget\" data-settings=\"{&quot;wdt_animation_effect&quot;:&quot;none&quot;}\" data-widget_type=\"text-editor.default\">\n\t\t\t\t<div class=\"elementor-widget-container\">\n\t\t\t\t\t\t\t\t\t<p>Los derechos del USUARIO son:<\/p>\n<ol>\n<li aria-level=\"1\">Derecho a retirar el consentimiento en cualquier momento.<\/li>\n<li aria-level=\"1\">Derecho de acceso, rectificaci\u00f3n, portabilidad y supresi\u00f3n de sus datos, as\u00ed como la limitaci\u00f3n u oposici\u00f3n a su tratamiento.<\/li>\n<li aria-level=\"1\">Derecho a presentar una reclamaci\u00f3n ante la autoridad de control (www.aepd.es) si considera que el tratamiento no se ajusta a la normativa vigente.<\/li>\n<\/ol>\t\t\t\t\t\t\t\t<\/div>\n\t\t\t\t<\/div>\n\t\t\t\t<div class=\"elementor-element elementor-element-eace101 elementor-widget elementor-widget-wdt-heading\" data-id=\"eace101\" data-element_type=\"widget\" data-settings=\"{&quot;wdt_animation_effect&quot;:&quot;none&quot;}\" data-widget_type=\"wdt-heading.default\">\n\t\t\t\t<div class=\"elementor-widget-container\">\n\t\t\t\t\t<div class=\"wdt-heading-holder\" id=\"wdt-heading-eace101\"><h6 class=\"wdt-heading-title-wrapper wdt-heading-align- wdt-heading-deco-wrapper\"><span class=\"wdt-heading-title\">Datos de contacto para el ejercicio de sus derechos:<\/span><\/h6><div class=\"wdt-heading-content-wrapper\">RIVAS ALMIRON S.L. AVDA DE LA CONCORDIA, 94 BAJO - 36700 TUI (Pontevedra). Correo electr\u00f3nico: bicitui@hotmail.com<\/div><\/div>\t\t\t\t<\/div>\n\t\t\t\t<\/div>\n\t\t\t\t<div class=\"elementor-element elementor-element-d6b85bd elementor-widget elementor-widget-heading\" data-id=\"d6b85bd\" data-element_type=\"widget\" data-settings=\"{&quot;wdt_animation_effect&quot;:&quot;none&quot;}\" data-widget_type=\"heading.default\">\n\t\t\t\t<div class=\"elementor-widget-container\">\n\t\t\t\t\t<h6 class=\"elementor-heading-title elementor-size-default\">CAR\u00c1CTER OBLIGATORIO O FACULTATIVO DE LA INFORMACI\u00d3N FACILITADA POR EL USUARIO<\/h6>\t\t\t\t<\/div>\n\t\t\t\t<\/div>\n\t\t\t\t<div class=\"elementor-element elementor-element-07acae2 elementor-widget elementor-widget-text-editor\" data-id=\"07acae2\" data-element_type=\"widget\" data-settings=\"{&quot;wdt_animation_effect&quot;:&quot;none&quot;}\" data-widget_type=\"text-editor.default\">\n\t\t\t\t<div class=\"elementor-widget-container\">\n\t\t\t\t\t\t\t\t\t<p>Los USUARIOS, mediante la marcaci\u00f3n de las casillas correspondientes y la introducci\u00f3n de datos en los campos se\u00f1alados con un asterisco (*) en el formulario de contacto o presentados en los formularios de descarga, aceptan expresamente y de forma libre e inequ\u00edvoca que sus datos son necesarios para atender su solicitud, por parte del prestador, siendo voluntaria la inclusi\u00f3n de datos en los campos restantes. El USUARIO garantiza que los datos personales facilitados al RESPONSABLE son veraces y se hace responsable de comunicar al mismo cualquier modificaci\u00f3n de los mismos.<\/p>\n<p>El RESPONSABLE informa que todos los datos solicitados a trav\u00e9s del sitio web son obligatorios, ya que son necesarios para la prestaci\u00f3n de un servicio \u00f3ptimo al USUARIO. En caso de que no sean facilitados todos los datos, no se garantiza que la informaci\u00f3n y servicios facilitados sean completamente ajustados a sus necesidades.<\/p>\t\t\t\t\t\t\t\t<\/div>\n\t\t\t\t<\/div>\n\t\t\t\t<div class=\"elementor-element elementor-element-5fd1002 elementor-widget elementor-widget-heading\" data-id=\"5fd1002\" data-element_type=\"widget\" data-settings=\"{&quot;wdt_animation_effect&quot;:&quot;none&quot;}\" data-widget_type=\"heading.default\">\n\t\t\t\t<div class=\"elementor-widget-container\">\n\t\t\t\t\t<h6 class=\"elementor-heading-title elementor-size-default\">MEDIDAS DE SEGURIDAD<\/h6>\t\t\t\t<\/div>\n\t\t\t\t<\/div>\n\t\t\t\t<div class=\"elementor-element elementor-element-0528c59 elementor-widget elementor-widget-text-editor\" data-id=\"0528c59\" data-element_type=\"widget\" data-settings=\"{&quot;wdt_animation_effect&quot;:&quot;none&quot;}\" data-widget_type=\"text-editor.default\">\n\t\t\t\t<div class=\"elementor-widget-container\">\n\t\t\t\t\t\t\t\t\t<p>Que de conformidad con lo establecido en la normativa vigente en materia de protecci\u00f3n de datos de car\u00e1cter personal, el RESPONSABLE est\u00e1 cumpliendo con todo lo dispuesto en el GDPR y en la normativa LOPDGDD para el tratamiento de los datos personales bajo su responsabilidad, y de forma manifiesta con los principios descritos en el art\u00edculo 5 del GDPR, por los que son tratados de manera l\u00edcita, leal y transparente en relaci\u00f3n con el interesado y adecuados, pertinentes y limitados a lo necesario en relaci\u00f3n con los fines para los que son tratados.<\/p>\n<p>El RESPONSABLE garantiza que ha implementado pol\u00edticas t\u00e9cnicas y organizativas apropiadas para aplicar las medidas de seguridad establecidas por el GDPR y la LOPDGDD con el fin de proteger los derechos y libertades de los USUARIOS y les ha comunicado la informaci\u00f3n adecuada para que puedan ejercerlos.<\/p>\n<p>Para m\u00e1s informaci\u00f3n sobre las garant\u00edas de privacidad, puede contactar con el RESPONSABLE a trav\u00e9s de RIVAS ALMIRON S.L. AVDA DE LA CONCORDIA, 94 BAJO - 36700 TUI (Pontevedra). Correo electr\u00f3nico: bicitui@hotmail.com<\/p>\t\t\t\t\t\t\t\t<\/div>\n\t\t\t\t<\/div>\n\t\t\t\t\t<\/div>\n\t\t<\/div>\n\t\t\t\t\t<\/div>\n\t\t<\/section>\n\t\t\t\t<section class=\"elementor-section elementor-top-section elementor-element elementor-element-2f705d33 elementor-hidden-desktop elementor-hidden-laptop elementor-hidden-tablet_extra elementor-hidden-tablet elementor-hidden-mobile_extra elementor-hidden-mobile elementor-section-boxed elementor-section-height-default elementor-section-height-default\" data-id=\"2f705d33\" data-element_type=\"section\" data-settings=\"{&quot;wdt_bg_image&quot;:{&quot;url&quot;:&quot;&quot;,&quot;id&quot;:&quot;&quot;,&quot;size&quot;:&quot;&quot;},&quot;wdt_bg_image_laptop&quot;:{&quot;url&quot;:&quot;&quot;,&quot;id&quot;:&quot;&quot;,&quot;size&quot;:&quot;&quot;},&quot;wdt_bg_image_tablet_extra&quot;:{&quot;url&quot;:&quot;&quot;,&quot;id&quot;:&quot;&quot;,&quot;size&quot;:&quot;&quot;},&quot;wdt_bg_image_tablet&quot;:{&quot;url&quot;:&quot;&quot;,&quot;id&quot;:&quot;&quot;,&quot;size&quot;:&quot;&quot;},&quot;wdt_bg_image_mobile_extra&quot;:{&quot;url&quot;:&quot;&quot;,&quot;id&quot;:&quot;&quot;,&quot;size&quot;:&quot;&quot;},&quot;wdt_bg_image_mobile&quot;:{&quot;url&quot;:&quot;&quot;,&quot;id&quot;:&quot;&quot;,&quot;size&quot;:&quot;&quot;},&quot;wdt_bg_position&quot;:&quot;center center&quot;,&quot;wdt_animation_effect&quot;:&quot;none&quot;}\">\n\t\t\t\t\t\t<div class=\"elementor-container elementor-column-gap-default\">\n\t\t\t\t\t<div class=\"elementor-column elementor-col-100 elementor-top-column elementor-element elementor-element-3521a046\" data-id=\"3521a046\" data-element_type=\"column\">\n\t\t\t<div class=\"elementor-widget-wrap elementor-element-populated\">\n\t\t\t\t\t\t<div class=\"elementor-element elementor-element-27b16630 elementor-widget elementor-widget-text-editor\" data-id=\"27b16630\" data-element_type=\"widget\" data-settings=\"{&quot;wdt_animation_effect&quot;:&quot;none&quot;}\" data-widget_type=\"text-editor.default\">\n\t\t\t\t<div class=\"elementor-widget-container\"><h2 class=\"wp-block-heading\">Who we are<\/h2><p class=\"wp-block-paragraph\"><strong class=\"privacy-policy-tutorial\">Suggested text: <\/strong>Our website address is: https:\/\/bicitui.es.<\/p><h2 class=\"wp-block-heading\">Comments<\/h2><p class=\"wp-block-paragraph\"><strong class=\"privacy-policy-tutorial\">Suggested text: <\/strong>When visitors leave comments on the site we collect the data shown in the comments form, and also the visitor&#8217;s IP address and browser user agent string to help spam detection.<\/p><p class=\"wp-block-paragraph\">An anonymized string created from your email address (also called a hash) may be provided to the Gravatar service to see if you are using it. The Gravatar service privacy policy is available here: https:\/\/automattic.com\/privacy\/. After approval of your comment, your profile picture is visible to the public in the context of your comment.<\/p><h2 class=\"wp-block-heading\">Media<\/h2><p class=\"wp-block-paragraph\"><strong class=\"privacy-policy-tutorial\">Suggested text: <\/strong>If you upload images to the website, you should avoid uploading images with embedded location data (EXIF GPS) included. Visitors to the website can download and extract any location data from images on the website.<\/p><h2 class=\"wp-block-heading\">Cookies<\/h2><p class=\"wp-block-paragraph\"><strong class=\"privacy-policy-tutorial\">Suggested text: <\/strong>If you leave a comment on our site you may opt-in to saving your name, email address and website in cookies. These are for your convenience so that you do not have to fill in your details again when you leave another comment. These cookies will last for one year.<\/p><p class=\"wp-block-paragraph\">If you visit our login page, we will set a temporary cookie to determine if your browser accepts cookies. This cookie contains no personal data and is discarded when you close your browser.<\/p><p class=\"wp-block-paragraph\">When you log in, we will also set up several cookies to save your login information and your screen display choices. Login cookies last for two days, and screen options cookies last for a year. If you select &quot;Remember Me&quot;, your login will persist for two weeks. If you log out of your account, the login cookies will be removed.<\/p><p class=\"wp-block-paragraph\">If you edit or publish an article, an additional cookie will be saved in your browser. This cookie includes no personal data and simply indicates the post ID of the article you just edited. It expires after 1 day.<\/p><h2 class=\"wp-block-heading\">Embedded content from other websites<\/h2><p class=\"wp-block-paragraph\"><strong class=\"privacy-policy-tutorial\">Suggested text: <\/strong>Articles on this site may include embedded content (e.g. videos, images, articles, etc.). Embedded content from other websites behaves in the exact same way as if the visitor has visited the other website.<\/p><p class=\"wp-block-paragraph\">These websites may collect data about you, use cookies, embed additional third-party tracking, and monitor your interaction with that embedded content, including tracking your interaction with the embedded content if you have an account and are logged in to that website.<\/p><h2 class=\"wp-block-heading\">Who we share your data with<\/h2><p class=\"wp-block-paragraph\"><strong class=\"privacy-policy-tutorial\">Suggested text: <\/strong>If you request a password reset, your IP address will be included in the reset email.<\/p><h2 class=\"wp-block-heading\">How long we retain your data<\/h2><p class=\"wp-block-paragraph\"><strong class=\"privacy-policy-tutorial\">Suggested text: <\/strong>If you leave a comment, the comment and its metadata are retained indefinitely. This is so we can recognize and approve any follow-up comments automatically instead of holding them in a moderation queue.<\/p><p class=\"wp-block-paragraph\">For users that register on our website (if any), we also store the personal information they provide in their user profile. All users can see, edit, or delete their personal information at any time (except they cannot change their username). Website administrators can also see and edit that information.<\/p><h2 class=\"wp-block-heading\">What rights you have over your data<\/h2><p class=\"wp-block-paragraph\"><strong class=\"privacy-policy-tutorial\">Suggested text: <\/strong>If you have an account on this site, or have left comments, you can request to receive an exported file of the personal data we hold about you, including any data you have provided to us. You can also request that we erase any personal data we hold about you. This does not include any data we are obliged to keep for administrative, legal, or security purposes.<\/p><h2 class=\"wp-block-heading\">Where your data is sent<\/h2><p class=\"wp-block-paragraph\"><strong class=\"privacy-policy-tutorial\">Suggested text: <\/strong>Visitor comments may be checked through an automated spam detection service.<\/p><\/div>\n\t\t\t\t<\/div>\n\t\t\t\t\t<\/div>\n\t\t<\/div>\n\t\t\t\t\t<\/div>\n\t\t<\/section>\t\t<\/div>","protected":false},"excerpt":{"rendered":"<p>Privacy Policy USER INFORMATION Who is responsible for the processing of your personal data? RIVAS ALMIRON S.L. is RESPONSIBLE for the processing of the USER&#8217;s personal data and informs you that these data will be processed in accordance with the provisions of Regulation (EU) 2016\/679 of 27 April (GDPR) and the Organic Law 3\/2018 of [&hellip;]<\/p>","protected":false},"author":1,"featured_media":0,"parent":0,"menu_order":0,"comment_status":"closed","ping_status":"closed","template":"elementor_header_footer","meta":{"footnotes":""},"class_list":["post-3","page","type-page","status-publish","hentry"],"yoast_head":"<!-- This site is optimized with the Yoast SEO plugin v24.7 - https:\/\/yoast.com\/wordpress\/plugins\/seo\/ -->\n<title>Privacy Policy - BiciTui<\/title>\n<meta name=\"robots\" content=\"noindex, follow\" \/>\n<meta property=\"og:locale\" content=\"es_ES\" \/>\n<meta property=\"og:type\" content=\"article\" \/>\n<meta property=\"og:title\" content=\"Privacy Policy - BiciTui\" \/>\n<meta property=\"og:description\" content=\"Privacy Policy USER INFORMATION Who is responsible for the processing of your personal data? RIVAS ALMIRON S.L. is RESPONSIBLE for the processing of the USER&#8217;s personal data and informs you that these data will be processed in accordance with the provisions of Regulation (EU) 2016\/679 of 27 April (GDPR) and the Organic Law 3\/2018 of [&hellip;]\" \/>\n<meta property=\"og:url\" content=\"https:\/\/bicitui.es\/es\/privacy-policy\/\" \/>\n<meta property=\"og:site_name\" content=\"BiciTui\" \/>\n<meta property=\"article:modified_time\" content=\"2024-03-12T10:30:08+00:00\" \/>\n<meta name=\"twitter:card\" content=\"summary_large_image\" \/>\n<meta name=\"twitter:label1\" content=\"Tiempo de lectura\" \/>\n\t<meta name=\"twitter:data1\" content=\"6 minutos\" \/>\n<script type=\"application\/ld+json\" class=\"yoast-schema-graph\">{\"@context\":\"https:\/\/schema.org\",\"@graph\":[{\"@type\":\"WebPage\",\"@id\":\"https:\/\/bicitui.es\/privacy-policy\/\",\"url\":\"https:\/\/bicitui.es\/privacy-policy\/\",\"name\":\"Privacy Policy - BiciTui\",\"isPartOf\":{\"@id\":\"https:\/\/bicitui.es\/es\/#website\"},\"datePublished\":\"2023-03-03T11:01:27+00:00\",\"dateModified\":\"2024-03-12T10:30:08+00:00\",\"breadcrumb\":{\"@id\":\"https:\/\/bicitui.es\/privacy-policy\/#breadcrumb\"},\"inLanguage\":\"es\",\"potentialAction\":[{\"@type\":\"ReadAction\",\"target\":[\"https:\/\/bicitui.es\/privacy-policy\/\"]}]},{\"@type\":\"BreadcrumbList\",\"@id\":\"https:\/\/bicitui.es\/privacy-policy\/#breadcrumb\",\"itemListElement\":[{\"@type\":\"ListItem\",\"position\":1,\"name\":\"Home\",\"item\":\"https:\/\/bicitui.es\/es\/\"},{\"@type\":\"ListItem\",\"position\":2,\"name\":\"Privacy Policy\"}]},{\"@type\":\"WebSite\",\"@id\":\"https:\/\/bicitui.es\/es\/#website\",\"url\":\"https:\/\/bicitui.es\/es\/\",\"name\":\"BiciTui\",\"description\":\"Bike Rentals and Camino Experiences - Your Adventure, Your Way\",\"potentialAction\":[{\"@type\":\"SearchAction\",\"target\":{\"@type\":\"EntryPoint\",\"urlTemplate\":\"https:\/\/bicitui.es\/es\/?s={search_term_string}\"},\"query-input\":{\"@type\":\"PropertyValueSpecification\",\"valueRequired\":true,\"valueName\":\"search_term_string\"}}],\"inLanguage\":\"es\"}]}<\/script>\n<!-- \/ Yoast SEO plugin. -->","yoast_head_json":{"title":"Privacy Policy - BiciTui","robots":{"index":"noindex","follow":"follow"},"og_locale":"es_ES","og_type":"article","og_title":"Privacy Policy - BiciTui","og_description":"Privacy Policy USER INFORMATION Who is responsible for the processing of your personal data? RIVAS ALMIRON S.L. is RESPONSIBLE for the processing of the USER&#8217;s personal data and informs you that these data will be processed in accordance with the provisions of Regulation (EU) 2016\/679 of 27 April (GDPR) and the Organic Law 3\/2018 of [&hellip;]","og_url":"https:\/\/bicitui.es\/es\/privacy-policy\/","og_site_name":"BiciTui","article_modified_time":"2024-03-12T10:30:08+00:00","twitter_card":"summary_large_image","twitter_misc":{"Tiempo de lectura":"6 minutos"},"schema":{"@context":"https:\/\/schema.org","@graph":[{"@type":"WebPage","@id":"https:\/\/bicitui.es\/privacy-policy\/","url":"https:\/\/bicitui.es\/privacy-policy\/","name":"Privacy Policy - BiciTui","isPartOf":{"@id":"https:\/\/bicitui.es\/es\/#website"},"datePublished":"2023-03-03T11:01:27+00:00","dateModified":"2024-03-12T10:30:08+00:00","breadcrumb":{"@id":"https:\/\/bicitui.es\/privacy-policy\/#breadcrumb"},"inLanguage":"es","potentialAction":[{"@type":"ReadAction","target":["https:\/\/bicitui.es\/privacy-policy\/"]}]},{"@type":"BreadcrumbList","@id":"https:\/\/bicitui.es\/privacy-policy\/#breadcrumb","itemListElement":[{"@type":"ListItem","position":1,"name":"Home","item":"https:\/\/bicitui.es\/es\/"},{"@type":"ListItem","position":2,"name":"Privacy Policy"}]},{"@type":"WebSite","@id":"https:\/\/bicitui.es\/es\/#website","url":"https:\/\/bicitui.es\/es\/","name":"BiciTui","description":"Bike Rentals and Camino Experiences - Your Adventure, Your Way","potentialAction":[{"@type":"SearchAction","target":{"@type":"EntryPoint","urlTemplate":"https:\/\/bicitui.es\/es\/?s={search_term_string}"},"query-input":{"@type":"PropertyValueSpecification","valueRequired":true,"valueName":"search_term_string"}}],"inLanguage":"es"}]}},"_links":{"self":[{"href":"https:\/\/bicitui.es\/es\/wp-json\/wp\/v2\/pages\/3","targetHints":{"allow":["GET"]}}],"collection":[{"href":"https:\/\/bicitui.es\/es\/wp-json\/wp\/v2\/pages"}],"about":[{"href":"https:\/\/bicitui.es\/es\/wp-json\/wp\/v2\/types\/page"}],"author":[{"embeddable":true,"href":"https:\/\/bicitui.es\/es\/wp-json\/wp\/v2\/users\/1"}],"replies":[{"embeddable":true,"href":"https:\/\/bicitui.es\/es\/wp-json\/wp\/v2\/comments?post=3"}],"version-history":[{"count":21,"href":"https:\/\/bicitui.es\/es\/wp-json\/wp\/v2\/pages\/3\/revisions"}],"predecessor-version":[{"id":1679,"href":"https:\/\/bicitui.es\/es\/wp-json\/wp\/v2\/pages\/3\/revisions\/1679"}],"wp:attachment":[{"href":"https:\/\/bicitui.es\/es\/wp-json\/wp\/v2\/media?parent=3"}],"curies":[{"name":"wp","href":"https:\/\/api.w.org\/{rel}","templated":true}]}}